{"id":5632,"date":"2025-07-15T23:25:57","date_gmt":"2025-07-15T23:25:57","guid":{"rendered":"https:\/\/marintextil.com\/?page_id=5632"},"modified":"2026-01-06T18:45:52","modified_gmt":"2026-01-06T17:45:52","slug":"product-partners","status":"publish","type":"page","link":"https:\/\/marintextil.com\/eng\/vara-partners\/","title":{"rendered":"Our partners"},"content":{"rendered":"\t\t<div data-elementor-type=\"wp-page\" data-elementor-id=\"5632\" class=\"elementor elementor-5632\" data-elementor-post-type=\"page\">\n\t\t\t\t<div class=\"elementor-element elementor-element-921e469 e-con-full e-flex wpr-particle-no wpr-jarallax-no wpr-parallax-no wpr-sticky-section-no wpr-equal-height-no e-con e-parent\" data-id=\"921e469\" data-element_type=\"container\" data-e-type=\"container\" data-settings=\"{&quot;background_background&quot;:&quot;classic&quot;,&quot;ekit_has_onepagescroll_dot&quot;:&quot;yes&quot;}\">\n\t\t<div class=\"elementor-element elementor-element-845710a e-con-full e-flex wpr-particle-no wpr-jarallax-no wpr-parallax-no wpr-sticky-section-no wpr-equal-height-no e-con e-child\" data-id=\"845710a\" data-element_type=\"container\" data-e-type=\"container\" data-settings=\"{&quot;ekit_has_onepagescroll_dot&quot;:&quot;yes&quot;}\">\n\t\t\t\t<div class=\"elementor-element elementor-element-98c8a46 uael-heading-align-center elementor-widget elementor-widget-uael-advanced-heading\" data-id=\"98c8a46\" data-element_type=\"widget\" data-e-type=\"widget\" data-settings=\"{&quot;ekit_we_effect_on&quot;:&quot;none&quot;}\" data-widget_type=\"uael-advanced-heading.default\">\n\t\t\t\t<div class=\"elementor-widget-container\">\n\t\t\t\t\t\n\t\t<div class=\"uael-module-content uael-heading-wrapper\">\n\t\t\t\t\t\t\n\t\t\t<h5 class=\"uael-heading\">\n\t\t\t\t\t\t\t\t\t\t<span class=\"uael-heading-text elementor-inline-editing uael-size--default\" data-elementor-setting-key=\"heading_title\" data-elementor-inline-editing-toolbar=\"basic\">Marstrands Marintextil<\/span>\n\t\t\t\t\t\t\t<\/h5>\n\n\t\t\t\n\t\t\t\n\t\t\t\n\t\t\t\t\t\t\t<div class=\"uael-module-content uael-separator-parent\">\n\t\t\t\t\t\t\t\t\t\t\t\t\t<div class=\"uael-separator\"><\/div>\n\t\t\t\t\t\t\t<\/div>\n\t\t\t\t\t<\/div>\n\t\t\t\t\t\t<\/div>\n\t\t\t\t<\/div>\n\t\t\t\t<div class=\"elementor-element elementor-element-f54de1d elementor-widget elementor-widget-heading\" data-id=\"f54de1d\" data-element_type=\"widget\" data-e-type=\"widget\" data-settings=\"{&quot;ekit_we_effect_on&quot;:&quot;none&quot;}\" data-widget_type=\"heading.default\">\n\t\t\t\t<div class=\"elementor-widget-container\">\n\t\t\t\t\t<h1 class=\"elementor-heading-title elementor-size-default\">V\u00e5ra Partners<\/h1>\t\t\t\t<\/div>\n\t\t\t\t<\/div>\n\t\t\t\t<\/div>\n\t\t\t\t<\/div>\n\t\t<div class=\"elementor-element elementor-element-dbef000 e-flex e-con-boxed wpr-particle-no wpr-jarallax-no wpr-parallax-no wpr-sticky-section-no wpr-equal-height-no e-con e-parent\" data-id=\"dbef000\" data-element_type=\"container\" data-e-type=\"container\" data-settings=\"{&quot;ekit_has_onepagescroll_dot&quot;:&quot;yes&quot;}\">\n\t\t\t\t\t<div class=\"e-con-inner\">\n\t\t<div class=\"elementor-element elementor-element-d237eac e-con-full e-flex wpr-particle-no wpr-jarallax-no wpr-parallax-no wpr-sticky-section-no wpr-equal-height-no e-con e-child\" data-id=\"d237eac\" data-element_type=\"container\" data-e-type=\"container\" data-settings=\"{&quot;ekit_has_onepagescroll_dot&quot;:&quot;yes&quot;}\">\n\t\t\t\t<div class=\"elementor-element elementor-element-83804b8 elementor-widget__width-initial elementor-view-default elementor-position-block-start elementor-mobile-position-block-start elementor-widget elementor-widget-icon-box\" data-id=\"83804b8\" data-element_type=\"widget\" data-e-type=\"widget\" data-settings=\"{&quot;ekit_we_effect_on&quot;:&quot;none&quot;}\" data-widget_type=\"icon-box.default\">\n\t\t\t\t<div class=\"elementor-widget-container\">\n\t\t\t\t\t\t\t<div class=\"elementor-icon-box-wrapper\">\n\n\t\t\t\t\t\t<div class=\"elementor-icon-box-icon\">\n\t\t\t\t<span  class=\"elementor-icon\">\n\t\t\t\t<i aria-hidden=\"true\" class=\"material-icons md-people_outline\"><\/i>\t\t\t\t<\/span>\n\t\t\t<\/div>\n\t\t\t\n\t\t\t\t\t\t<div class=\"elementor-icon-box-content\">\n\n\t\t\t\t\t\t\t\t\t<h2 class=\"elementor-icon-box-title\">\n\t\t\t\t\t\t<span  >\n\t\t\t\t\t\t\tVi samarbetar med v\u00e4lk\u00e4nda f\u00f6retag i hela Sverige\t\t\t\t\t\t<\/span>\n\t\t\t\t\t<\/h2>\n\t\t\t\t\n\t\t\t\t\t\t\t\t\t<p class=\"elementor-icon-box-description\">\n\t\t\t\t\t\tP\u00e5 Marstrands Marintextil AB \u00e4r vi stolta \u00f6ver att ha f\u00e5tt f\u00f6rtroendet att samarbeta med n\u00e5gra av Sveriges mest v\u00e4lk\u00e4nda f\u00f6retag och organisationer. V\u00e5r expertis inom m\u00e5ttanpassade textilprodukter, sittdynor, gardiner, kapell och speciall\u00f6sningar har gjort oss till en uppskattad partner inom b\u00e5de marin, transport och restaurangsektorn. Nedan presenterar vi ett urval av v\u00e5ra partnerskap \u2013 alla med unika behov som vi haft gl\u00e4djen att l\u00f6sa med h\u00f6gsta kvalitet.\t\t\t\t\t<\/p>\n\t\t\t\t\n\t\t\t<\/div>\n\t\t\t\n\t\t<\/div>\n\t\t\t\t\t\t<\/div>\n\t\t\t\t<\/div>\n\t\t\t\t<\/div>\n\t\t<div class=\"elementor-element elementor-element-81c51db e-con-full e-flex wpr-particle-no wpr-jarallax-no wpr-parallax-no wpr-sticky-section-no wpr-equal-height-no e-con e-child\" data-id=\"81c51db\" data-element_type=\"container\" data-e-type=\"container\" data-settings=\"{&quot;background_background&quot;:&quot;classic&quot;,&quot;animation_mobile&quot;:&quot;fadeInUp&quot;,&quot;ekit_has_onepagescroll_dot&quot;:&quot;yes&quot;}\">\n\t\t\t\t<div class=\"elementor-element elementor-element-ef2a572 elementor-widget-mobile__width-initial elementor-widget elementor-widget-heading\" data-id=\"ef2a572\" data-element_type=\"widget\" data-e-type=\"widget\" data-settings=\"{&quot;ekit_we_effect_on&quot;:&quot;none&quot;}\" data-widget_type=\"heading.default\">\n\t\t\t\t<div class=\"elementor-widget-container\">\n\t\t\t\t\t<h3 class=\"elementor-heading-title elementor-size-default\">Varf\u00f6r v\u00e4lja oss som textilpartner?<\/h3>\t\t\t\t<\/div>\n\t\t\t\t<\/div>\n\t\t\t\t<div class=\"elementor-element elementor-element-464ca6a elementor-widget elementor-widget-text-editor\" data-id=\"464ca6a\" data-element_type=\"widget\" data-e-type=\"widget\" data-settings=\"{&quot;ekit_we_effect_on&quot;:&quot;none&quot;}\" data-widget_type=\"text-editor.default\">\n\t\t\t\t<div class=\"elementor-widget-container\">\n\t\t\t\t\t\t\t\t\t<p data-pm-slice=\"1 1 []\">Vi levererar alltid h\u00f6gkvalitativa m\u00e5ttbest\u00e4llda textilprodukter \u2013 fr\u00e5n b\u00e5tdynor, gardiner och kapell till madrasser, balkongskydd och speciall\u00f6sningar f\u00f6r offentlig milj\u00f6. Vi \u00e4r baserade i Marstrand, men arbetar med kunder i hela Sverige. Genom lokal n\u00e4rvaro och noggrann dialog ser vi till att varje projekt blir perfekt.<\/p>\t\t\t\t\t\t\t\t<\/div>\n\t\t\t\t<\/div>\n\t\t\t\t<div class=\"elementor-element elementor-element-f3409d0 elementor-align-left elementor-widget elementor-widget-button\" data-id=\"f3409d0\" data-element_type=\"widget\" data-e-type=\"widget\" data-settings=\"{&quot;ekit_we_effect_on&quot;:&quot;none&quot;}\" data-widget_type=\"button.default\">\n\t\t\t\t<div class=\"elementor-widget-container\">\n\t\t\t\t\t\t\t\t\t<div class=\"elementor-button-wrapper\">\n\t\t\t\t\t<a class=\"elementor-button elementor-button-link elementor-size-sm elementor-animation-shrink\" href=\"https:\/\/marintextil.com\/\">\n\t\t\t\t\t\t<span class=\"elementor-button-content-wrapper\">\n\t\t\t\t\t\t<span class=\"elementor-button-icon\">\n\t\t\t\t<i aria-hidden=\"true\" class=\" arrow_down\"><\/i>\t\t\t<\/span>\n\t\t\t\t\t\t\t\t\t<span class=\"elementor-button-text\">L\u00c4S MER OM V\u00c5RA TJ\u00c4NSTER<\/span>\n\t\t\t\t\t<\/span>\n\t\t\t\t\t<\/a>\n\t\t\t\t<\/div>\n\t\t\t\t\t\t\t\t<\/div>\n\t\t\t\t<\/div>\n\t\t\t\t<\/div>\n\t\t\t\t\t<\/div>\n\t\t\t\t<\/div>\n\t\t<div class=\"elementor-element elementor-element-a93822c e-flex e-con-boxed wpr-particle-no wpr-jarallax-no wpr-parallax-no wpr-sticky-section-no wpr-equal-height-no e-con e-parent\" data-id=\"a93822c\" data-element_type=\"container\" data-e-type=\"container\" data-settings=\"{&quot;ekit_has_onepagescroll_dot&quot;:&quot;yes&quot;}\">\n\t\t\t\t\t<div class=\"e-con-inner\">\n\t\t<div class=\"elementor-element elementor-element-ea50967 e-con-full e-flex wpr-particle-no wpr-jarallax-no wpr-parallax-no wpr-sticky-section-no wpr-equal-height-no elementor-invisible e-con e-child\" data-id=\"ea50967\" data-element_type=\"container\" data-e-type=\"container\" data-settings=\"{&quot;background_background&quot;:&quot;classic&quot;,&quot;animation&quot;:&quot;fadeInUp&quot;,&quot;ekit_has_onepagescroll_dot&quot;:&quot;yes&quot;}\">\n\t\t<div class=\"elementor-element elementor-element-0e8b3c1 e-con-full e-flex wpr-particle-no wpr-jarallax-no wpr-parallax-no wpr-sticky-section-no wpr-equal-height-no e-con e-child\" data-id=\"0e8b3c1\" data-element_type=\"container\" data-e-type=\"container\" data-settings=\"{&quot;background_background&quot;:&quot;classic&quot;,&quot;animation_mobile&quot;:&quot;fadeInUp&quot;,&quot;ekit_has_onepagescroll_dot&quot;:&quot;yes&quot;}\">\n\t\t\t\t<div class=\"elementor-element elementor-element-5a3aaa1 elementor-widget elementor-widget-image\" data-id=\"5a3aaa1\" data-element_type=\"widget\" data-e-type=\"widget\" data-settings=\"{&quot;ekit_we_effect_on&quot;:&quot;none&quot;}\" data-widget_type=\"image.default\">\n\t\t\t\t<div class=\"elementor-widget-container\">\n\t\t\t\t\t\t\t\t\t\t\t\t\t\t\t<img fetchpriority=\"high\" decoding=\"async\" width=\"500\" height=\"500\" src=\"https:\/\/marintextil.com\/wp-content\/uploads\/2025\/03\/BK-10.png\" class=\"attachment-large size-large wp-image-5170\" alt=\"V\u00e4sttrafik\" srcset=\"https:\/\/marintextil.com\/wp-content\/uploads\/2025\/03\/BK-10.png 500w, https:\/\/marintextil.com\/wp-content\/uploads\/2025\/03\/BK-10-300x300.png 300w, https:\/\/marintextil.com\/wp-content\/uploads\/2025\/03\/BK-10-100x100.png 100w, https:\/\/marintextil.com\/wp-content\/uploads\/2025\/03\/BK-10-64x64.png 64w, https:\/\/marintextil.com\/wp-content\/uploads\/2025\/03\/BK-10-150x150.png 150w\" sizes=\"(max-width: 500px) 100vw, 500px\" title=\"\">\t\t\t\t\t\t\t\t\t\t\t\t\t\t\t<\/div>\n\t\t\t\t<\/div>\n\t\t\t\t<div class=\"elementor-element elementor-element-854b26a elementor-widget elementor-widget-heading\" data-id=\"854b26a\" data-element_type=\"widget\" data-e-type=\"widget\" data-settings=\"{&quot;ekit_we_effect_on&quot;:&quot;none&quot;}\" data-widget_type=\"heading.default\">\n\t\t\t\t<div class=\"elementor-widget-container\">\n\t\t\t\t\t<h3 class=\"elementor-heading-title elementor-size-default\">V\u00e4sttrafik<\/h3>\t\t\t\t<\/div>\n\t\t\t\t<\/div>\n\t\t\t\t<div class=\"elementor-element elementor-element-8e46675 elementor-widget elementor-widget-text-editor\" data-id=\"8e46675\" data-element_type=\"widget\" data-e-type=\"widget\" data-settings=\"{&quot;ekit_we_effect_on&quot;:&quot;none&quot;}\" data-widget_type=\"text-editor.default\">\n\t\t\t\t<div class=\"elementor-widget-container\">\n\t\t\t\t\t\t\t\t\t<p data-start=\"101\" data-end=\"378\">Vi har tillverkat och kl\u00e4tt om chauff\u00f6rss\u00e4ten till V\u00e4sttrafiks fordon i kollektivtrafiken. V\u00e5ra tyger klarar h\u00f6g belastning, brands\u00e4kerhet och daglig anv\u00e4ndning. Textill\u00f6sningarna ger b\u00e5de komfort, stil och slitstyrka f\u00f6r l\u00e5ngvarig anv\u00e4ndning i kr\u00e4vande milj\u00f6.<\/p>\t\t\t\t\t\t\t\t<\/div>\n\t\t\t\t<\/div>\n\t\t\t\t<div class=\"elementor-element elementor-element-f340135 elementor-align-center elementor-widget elementor-widget-button\" data-id=\"f340135\" data-element_type=\"widget\" data-e-type=\"widget\" data-settings=\"{&quot;ekit_we_effect_on&quot;:&quot;none&quot;}\" data-widget_type=\"button.default\">\n\t\t\t\t<div class=\"elementor-widget-container\">\n\t\t\t\t\t\t\t\t\t<div class=\"elementor-button-wrapper\">\n\t\t\t\t\t<a class=\"elementor-button elementor-button-link elementor-size-sm elementor-animation-shrink\" href=\"#vasttrafik\">\n\t\t\t\t\t\t<span class=\"elementor-button-content-wrapper\">\n\t\t\t\t\t\t<span class=\"elementor-button-icon\">\n\t\t\t\t<i aria-hidden=\"true\" class=\"icon icon-arrow-down-circle\"><\/i>\t\t\t<\/span>\n\t\t\t\t\t\t\t\t\t<span class=\"elementor-button-text\">MER OM V\u00c4STTRAFIK<\/span>\n\t\t\t\t\t<\/span>\n\t\t\t\t\t<\/a>\n\t\t\t\t<\/div>\n\t\t\t\t\t\t\t\t<\/div>\n\t\t\t\t<\/div>\n\t\t\t\t<\/div>\n\t\t<div class=\"elementor-element elementor-element-b4ac4bf e-con-full e-flex wpr-particle-no wpr-jarallax-no wpr-parallax-no wpr-sticky-section-no wpr-equal-height-no e-con e-child\" data-id=\"b4ac4bf\" data-element_type=\"container\" data-e-type=\"container\" data-settings=\"{&quot;background_background&quot;:&quot;classic&quot;,&quot;animation_mobile&quot;:&quot;fadeInUp&quot;,&quot;ekit_has_onepagescroll_dot&quot;:&quot;yes&quot;}\">\n\t\t\t\t<div class=\"elementor-element elementor-element-9316575 elementor-widget elementor-widget-image\" data-id=\"9316575\" data-element_type=\"widget\" data-e-type=\"widget\" data-settings=\"{&quot;ekit_we_effect_on&quot;:&quot;none&quot;}\" data-widget_type=\"image.default\">\n\t\t\t\t<div class=\"elementor-widget-container\">\n\t\t\t\t\t\t\t\t\t\t\t\t\t\t\t<img decoding=\"async\" width=\"500\" height=\"500\" src=\"https:\/\/marintextil.com\/wp-content\/uploads\/2025\/03\/BK-3.png\" class=\"attachment-large size-large wp-image-5150\" alt=\"BK V\u00e4sttrafik Nedredelen\" srcset=\"https:\/\/marintextil.com\/wp-content\/uploads\/2025\/03\/BK-3.png 500w, https:\/\/marintextil.com\/wp-content\/uploads\/2025\/03\/BK-3-300x300.png 300w, https:\/\/marintextil.com\/wp-content\/uploads\/2025\/03\/BK-3-100x100.png 100w, https:\/\/marintextil.com\/wp-content\/uploads\/2025\/03\/BK-3-64x64.png 64w, https:\/\/marintextil.com\/wp-content\/uploads\/2025\/03\/BK-3-150x150.png 150w\" sizes=\"(max-width: 500px) 100vw, 500px\" title=\"\">\t\t\t\t\t\t\t\t\t\t\t\t\t\t\t<\/div>\n\t\t\t\t<\/div>\n\t\t\t\t<div class=\"elementor-element elementor-element-bd28175 elementor-widget elementor-widget-heading\" data-id=\"bd28175\" data-element_type=\"widget\" data-e-type=\"widget\" data-settings=\"{&quot;ekit_we_effect_on&quot;:&quot;none&quot;}\" data-widget_type=\"heading.default\">\n\t\t\t\t<div class=\"elementor-widget-container\">\n\t\t\t\t\t<h3 class=\"elementor-heading-title elementor-size-default\">Marstrands Havshotell<\/h3>\t\t\t\t<\/div>\n\t\t\t\t<\/div>\n\t\t\t\t<div class=\"elementor-element elementor-element-8379299 elementor-widget-tablet__width-initial elementor-widget elementor-widget-text-editor\" data-id=\"8379299\" data-element_type=\"widget\" data-e-type=\"widget\" data-settings=\"{&quot;ekit_we_effect_on&quot;:&quot;none&quot;}\" data-widget_type=\"text-editor.default\">\n\t\t\t\t<div class=\"elementor-widget-container\">\n\t\t\t\t\t\t\t\t\t<p data-start=\"385\" data-end=\"656\">Till Marstrands Havshotell har vi levererat m\u00e5ttsydda gardiner, madrasser och exklusiva inredningstextilier. Fokus ligger p\u00e5 marin design, komfort och premiumk\u00e4nsla. Skr\u00e4ddarsydda l\u00f6sningar skapar en harmonisk atmosf\u00e4r.<\/p>\t\t\t\t\t\t\t\t<\/div>\n\t\t\t\t<\/div>\n\t\t\t\t<div class=\"elementor-element elementor-element-ebeaf30 elementor-align-center elementor-widget elementor-widget-button\" data-id=\"ebeaf30\" data-element_type=\"widget\" data-e-type=\"widget\" data-settings=\"{&quot;ekit_we_effect_on&quot;:&quot;none&quot;}\" data-widget_type=\"button.default\">\n\t\t\t\t<div class=\"elementor-widget-container\">\n\t\t\t\t\t\t\t\t\t<div class=\"elementor-button-wrapper\">\n\t\t\t\t\t<a class=\"elementor-button elementor-button-link elementor-size-sm elementor-animation-shrink\" href=\"#marstrands-havshotell\">\n\t\t\t\t\t\t<span class=\"elementor-button-content-wrapper\">\n\t\t\t\t\t\t<span class=\"elementor-button-icon\">\n\t\t\t\t<i aria-hidden=\"true\" class=\"icon icon-arrow-down-circle\"><\/i>\t\t\t<\/span>\n\t\t\t\t\t\t\t\t\t<span class=\"elementor-button-text\">MER OM MARSTRANDS HAVSHOTELL<\/span>\n\t\t\t\t\t<\/span>\n\t\t\t\t\t<\/a>\n\t\t\t\t<\/div>\n\t\t\t\t\t\t\t\t<\/div>\n\t\t\t\t<\/div>\n\t\t\t\t<\/div>\n\t\t<div class=\"elementor-element elementor-element-9044c12 e-con-full e-flex wpr-particle-no wpr-jarallax-no wpr-parallax-no wpr-sticky-section-no wpr-equal-height-no e-con e-child\" data-id=\"9044c12\" data-element_type=\"container\" data-e-type=\"container\" data-settings=\"{&quot;background_background&quot;:&quot;classic&quot;,&quot;animation_mobile&quot;:&quot;fadeInUp&quot;,&quot;ekit_has_onepagescroll_dot&quot;:&quot;yes&quot;}\">\n\t\t\t\t<div class=\"elementor-element elementor-element-9a85ac3 elementor-widget elementor-widget-image\" data-id=\"9a85ac3\" data-element_type=\"widget\" data-e-type=\"widget\" data-settings=\"{&quot;ekit_we_effect_on&quot;:&quot;none&quot;}\" data-widget_type=\"image.default\">\n\t\t\t\t<div class=\"elementor-widget-container\">\n\t\t\t\t\t\t\t\t\t\t\t\t\t\t\t<img decoding=\"async\" width=\"500\" height=\"500\" src=\"https:\/\/marintextil.com\/wp-content\/uploads\/2025\/03\/BK-4.png\" class=\"attachment-large size-large wp-image-5151\" alt=\"Burger King Nedredelen\" srcset=\"https:\/\/marintextil.com\/wp-content\/uploads\/2025\/03\/BK-4.png 500w, https:\/\/marintextil.com\/wp-content\/uploads\/2025\/03\/BK-4-300x300.png 300w, https:\/\/marintextil.com\/wp-content\/uploads\/2025\/03\/BK-4-100x100.png 100w, https:\/\/marintextil.com\/wp-content\/uploads\/2025\/03\/BK-4-64x64.png 64w, https:\/\/marintextil.com\/wp-content\/uploads\/2025\/03\/BK-4-150x150.png 150w\" sizes=\"(max-width: 500px) 100vw, 500px\" title=\"\">\t\t\t\t\t\t\t\t\t\t\t\t\t\t\t<\/div>\n\t\t\t\t<\/div>\n\t\t\t\t<div class=\"elementor-element elementor-element-15050e3 elementor-widget elementor-widget-heading\" data-id=\"15050e3\" data-element_type=\"widget\" data-e-type=\"widget\" data-settings=\"{&quot;ekit_we_effect_on&quot;:&quot;none&quot;}\" data-widget_type=\"heading.default\">\n\t\t\t\t<div class=\"elementor-widget-container\">\n\t\t\t\t\t<h3 class=\"elementor-heading-title elementor-size-default\">Burger King<\/h3>\t\t\t\t<\/div>\n\t\t\t\t<\/div>\n\t\t\t\t<div class=\"elementor-element elementor-element-f0d8d2f elementor-widget elementor-widget-text-editor\" data-id=\"f0d8d2f\" data-element_type=\"widget\" data-e-type=\"widget\" data-settings=\"{&quot;ekit_we_effect_on&quot;:&quot;none&quot;}\" data-widget_type=\"text-editor.default\">\n\t\t\t\t<div class=\"elementor-widget-container\">\n\t\t\t\t\t\t\t\t\t<p data-start=\"663\" data-end=\"949\">F\u00f6r Burger King har vi tillverkat specialanpassade soffor och sittdynor f\u00f6r restauranger i hela Sverige. Textilerna \u00e4r slitstarka och enkla att reng\u00f6ra \u2013 perfekta f\u00f6r milj\u00f6er med h\u00f6g trafik. Designen anpassas efter kedjans profil och uppfyller h\u00f6ga krav p\u00e5 h\u00e5llbarhet.<\/p>\t\t\t\t\t\t\t\t<\/div>\n\t\t\t\t<\/div>\n\t\t\t\t<div class=\"elementor-element elementor-element-4b485e6 elementor-align-center elementor-widget elementor-widget-button\" data-id=\"4b485e6\" data-element_type=\"widget\" data-e-type=\"widget\" data-settings=\"{&quot;ekit_we_effect_on&quot;:&quot;none&quot;}\" data-widget_type=\"button.default\">\n\t\t\t\t<div class=\"elementor-widget-container\">\n\t\t\t\t\t\t\t\t\t<div class=\"elementor-button-wrapper\">\n\t\t\t\t\t<a class=\"elementor-button elementor-button-link elementor-size-sm elementor-animation-shrink\" href=\"#burger\">\n\t\t\t\t\t\t<span class=\"elementor-button-content-wrapper\">\n\t\t\t\t\t\t<span class=\"elementor-button-icon\">\n\t\t\t\t<i aria-hidden=\"true\" class=\"icon icon-arrow-down-circle\"><\/i>\t\t\t<\/span>\n\t\t\t\t\t\t\t\t\t<span class=\"elementor-button-text\">MER OM BURGER KING<\/span>\n\t\t\t\t\t<\/span>\n\t\t\t\t\t<\/a>\n\t\t\t\t<\/div>\n\t\t\t\t\t\t\t\t<\/div>\n\t\t\t\t<\/div>\n\t\t\t\t<\/div>\n\t\t\t\t<\/div>\n\t\t<div class=\"elementor-element elementor-element-7b51999 e-con-full e-flex wpr-particle-no wpr-jarallax-no wpr-parallax-no wpr-sticky-section-no wpr-equal-height-no elementor-invisible e-con e-child\" data-id=\"7b51999\" data-element_type=\"container\" data-e-type=\"container\" data-settings=\"{&quot;background_background&quot;:&quot;classic&quot;,&quot;animation&quot;:&quot;fadeInUp&quot;,&quot;ekit_has_onepagescroll_dot&quot;:&quot;yes&quot;}\">\n\t\t<div class=\"elementor-element elementor-element-2e19adc e-con-full e-flex wpr-particle-no wpr-jarallax-no wpr-parallax-no wpr-sticky-section-no wpr-equal-height-no e-con e-child\" data-id=\"2e19adc\" data-element_type=\"container\" data-e-type=\"container\" data-settings=\"{&quot;background_background&quot;:&quot;classic&quot;,&quot;animation_mobile&quot;:&quot;fadeInUp&quot;,&quot;ekit_has_onepagescroll_dot&quot;:&quot;yes&quot;}\">\n\t\t\t\t<div class=\"elementor-element elementor-element-394b133 elementor-widget elementor-widget-image\" data-id=\"394b133\" data-element_type=\"widget\" data-e-type=\"widget\" data-settings=\"{&quot;ekit_we_effect_on&quot;:&quot;none&quot;}\" data-widget_type=\"image.default\">\n\t\t\t\t<div class=\"elementor-widget-container\">\n\t\t\t\t\t\t\t\t\t\t\t\t\t\t\t<img loading=\"lazy\" decoding=\"async\" width=\"500\" height=\"500\" src=\"https:\/\/marintextil.com\/wp-content\/uploads\/2025\/03\/stena_line_white.png\" class=\"attachment-large size-large wp-image-5167\" alt=\"Stena Line White\" srcset=\"https:\/\/marintextil.com\/wp-content\/uploads\/2025\/03\/stena_line_white.png 500w, https:\/\/marintextil.com\/wp-content\/uploads\/2025\/03\/stena_line_white-300x300.png 300w, https:\/\/marintextil.com\/wp-content\/uploads\/2025\/03\/stena_line_white-100x100.png 100w, https:\/\/marintextil.com\/wp-content\/uploads\/2025\/03\/stena_line_white-64x64.png 64w, https:\/\/marintextil.com\/wp-content\/uploads\/2025\/03\/stena_line_white-150x150.png 150w\" sizes=\"(max-width: 500px) 100vw, 500px\" title=\"\">\t\t\t\t\t\t\t\t\t\t\t\t\t\t\t<\/div>\n\t\t\t\t<\/div>\n\t\t\t\t<div class=\"elementor-element elementor-element-866d488 elementor-widget elementor-widget-heading\" data-id=\"866d488\" data-element_type=\"widget\" data-e-type=\"widget\" data-settings=\"{&quot;ekit_we_effect_on&quot;:&quot;none&quot;}\" data-widget_type=\"heading.default\">\n\t\t\t\t<div class=\"elementor-widget-container\">\n\t\t\t\t\t<h3 class=\"elementor-heading-title elementor-size-default\">Stena Line<\/h3>\t\t\t\t<\/div>\n\t\t\t\t<\/div>\n\t\t\t\t<div class=\"elementor-element elementor-element-1040604 elementor-widget elementor-widget-text-editor\" data-id=\"1040604\" data-element_type=\"widget\" data-e-type=\"widget\" data-settings=\"{&quot;ekit_we_effect_on&quot;:&quot;none&quot;}\" data-widget_type=\"text-editor.default\">\n\t\t\t\t<div class=\"elementor-widget-container\">\n\t\t\t\t\t\t\t\t\t<p>Till Stena Lines fartyg har vi sytt ergonomiska, m\u00e5ttanpassade sittdynor f\u00f6r tuffa sj\u00f6milj\u00f6er. Dynorna \u00e4r designade f\u00f6r att t\u00e5la fukt, salt och r\u00f6relse, med slitstarka marina tyger f\u00f6r b\u00e5de passagerare och bes\u00e4ttning.<\/p>\t\t\t\t\t\t\t\t<\/div>\n\t\t\t\t<\/div>\n\t\t\t\t<div class=\"elementor-element elementor-element-07e51f2 elementor-align-center elementor-widget elementor-widget-button\" data-id=\"07e51f2\" data-element_type=\"widget\" data-e-type=\"widget\" data-settings=\"{&quot;ekit_we_effect_on&quot;:&quot;none&quot;}\" data-widget_type=\"button.default\">\n\t\t\t\t<div class=\"elementor-widget-container\">\n\t\t\t\t\t\t\t\t\t<div class=\"elementor-button-wrapper\">\n\t\t\t\t\t<a class=\"elementor-button elementor-button-link elementor-size-sm elementor-animation-shrink\" href=\"#stena-line\">\n\t\t\t\t\t\t<span class=\"elementor-button-content-wrapper\">\n\t\t\t\t\t\t<span class=\"elementor-button-icon\">\n\t\t\t\t<i aria-hidden=\"true\" class=\"icon icon-arrow-down-circle\"><\/i>\t\t\t<\/span>\n\t\t\t\t\t\t\t\t\t<span class=\"elementor-button-text\">MER OM STENA LINE<\/span>\n\t\t\t\t\t<\/span>\n\t\t\t\t\t<\/a>\n\t\t\t\t<\/div>\n\t\t\t\t\t\t\t\t<\/div>\n\t\t\t\t<\/div>\n\t\t\t\t<\/div>\n\t\t<div class=\"elementor-element elementor-element-7cd82d5 e-con-full e-flex wpr-particle-no wpr-jarallax-no wpr-parallax-no wpr-sticky-section-no wpr-equal-height-no e-con e-child\" data-id=\"7cd82d5\" data-element_type=\"container\" data-e-type=\"container\" data-settings=\"{&quot;background_background&quot;:&quot;classic&quot;,&quot;animation_mobile&quot;:&quot;fadeInUp&quot;,&quot;ekit_has_onepagescroll_dot&quot;:&quot;yes&quot;}\">\n\t\t\t\t<div class=\"elementor-element elementor-element-a4d7514 elementor-widget elementor-widget-image\" data-id=\"a4d7514\" data-element_type=\"widget\" data-e-type=\"widget\" data-settings=\"{&quot;ekit_we_effect_on&quot;:&quot;none&quot;}\" data-widget_type=\"image.default\">\n\t\t\t\t<div class=\"elementor-widget-container\">\n\t\t\t\t\t\t\t\t\t\t\t\t\t\t\t<img loading=\"lazy\" decoding=\"async\" width=\"1024\" height=\"1024\" src=\"https:\/\/marintextil.com\/wp-content\/uploads\/2025\/03\/le_pain_francais_white-1024x1024.png\" class=\"attachment-large size-large wp-image-5171\" alt=\"Le Pain Francais White - Marintextil\" srcset=\"https:\/\/marintextil.com\/wp-content\/uploads\/2025\/03\/le_pain_francais_white-1024x1024.png 1024w, https:\/\/marintextil.com\/wp-content\/uploads\/2025\/03\/le_pain_francais_white-300x300.png 300w, https:\/\/marintextil.com\/wp-content\/uploads\/2025\/03\/le_pain_francais_white-100x100.png 100w, https:\/\/marintextil.com\/wp-content\/uploads\/2025\/03\/le_pain_francais_white-600x600.png 600w, https:\/\/marintextil.com\/wp-content\/uploads\/2025\/03\/le_pain_francais_white-64x64.png 64w, https:\/\/marintextil.com\/wp-content\/uploads\/2025\/03\/le_pain_francais_white-150x150.png 150w, https:\/\/marintextil.com\/wp-content\/uploads\/2025\/03\/le_pain_francais_white-768x768.png 768w, https:\/\/marintextil.com\/wp-content\/uploads\/2025\/03\/le_pain_francais_white.png 1087w\" sizes=\"(max-width: 1024px) 100vw, 1024px\" title=\"\">\t\t\t\t\t\t\t\t\t\t\t\t\t\t\t<\/div>\n\t\t\t\t<\/div>\n\t\t\t\t<div class=\"elementor-element elementor-element-ca6c782 elementor-widget elementor-widget-heading\" data-id=\"ca6c782\" data-element_type=\"widget\" data-e-type=\"widget\" data-settings=\"{&quot;ekit_we_effect_on&quot;:&quot;none&quot;}\" data-widget_type=\"heading.default\">\n\t\t\t\t<div class=\"elementor-widget-container\">\n\t\t\t\t\t<h3 class=\"elementor-heading-title elementor-size-default\">Le Pain Francais<\/h3>\t\t\t\t<\/div>\n\t\t\t\t<\/div>\n\t\t\t\t<div class=\"elementor-element elementor-element-c4708d5 elementor-widget elementor-widget-text-editor\" data-id=\"c4708d5\" data-element_type=\"widget\" data-e-type=\"widget\" data-settings=\"{&quot;ekit_we_effect_on&quot;:&quot;none&quot;}\" data-widget_type=\"text-editor.default\">\n\t\t\t\t<div class=\"elementor-widget-container\">\n\t\t\t\t\t\t\t\t\t<p data-start=\"1280\" data-end=\"1568\">Le Pain Francais caf\u00e9er och bagerier har f\u00e5tt v\u00e5r specialsydda inredning. Vi har tillverkat m\u00e5ttsydda soffdynor och tygdetaljer som bevarar kedjans visuella stil. Tygerna \u00e4r b\u00e5de estetiskt tilltalande och h\u00e5llbara.<\/p>\t\t\t\t\t\t\t\t<\/div>\n\t\t\t\t<\/div>\n\t\t\t\t<div class=\"elementor-element elementor-element-4ffd96f elementor-align-center elementor-widget elementor-widget-button\" data-id=\"4ffd96f\" data-element_type=\"widget\" data-e-type=\"widget\" data-settings=\"{&quot;ekit_we_effect_on&quot;:&quot;none&quot;}\" data-widget_type=\"button.default\">\n\t\t\t\t<div class=\"elementor-widget-container\">\n\t\t\t\t\t\t\t\t\t<div class=\"elementor-button-wrapper\">\n\t\t\t\t\t<a class=\"elementor-button elementor-button-link elementor-size-sm elementor-animation-shrink\" href=\"#le-pain-francais\">\n\t\t\t\t\t\t<span class=\"elementor-button-content-wrapper\">\n\t\t\t\t\t\t<span class=\"elementor-button-icon\">\n\t\t\t\t<i aria-hidden=\"true\" class=\"icon icon-arrow-down-circle\"><\/i>\t\t\t<\/span>\n\t\t\t\t\t\t\t\t\t<span class=\"elementor-button-text\">MER OM LE PAIN FRANCAIS<\/span>\n\t\t\t\t\t<\/span>\n\t\t\t\t\t<\/a>\n\t\t\t\t<\/div>\n\t\t\t\t\t\t\t\t<\/div>\n\t\t\t\t<\/div>\n\t\t\t\t<\/div>\n\t\t<div class=\"elementor-element elementor-element-5eb2760 e-con-full e-flex wpr-particle-no wpr-jarallax-no wpr-parallax-no wpr-sticky-section-no wpr-equal-height-no e-con e-child\" data-id=\"5eb2760\" data-element_type=\"container\" data-e-type=\"container\" data-settings=\"{&quot;background_background&quot;:&quot;classic&quot;,&quot;animation_mobile&quot;:&quot;fadeInUp&quot;,&quot;ekit_has_onepagescroll_dot&quot;:&quot;yes&quot;}\">\n\t\t\t\t<div class=\"elementor-element elementor-element-9aad9ab elementor-widget elementor-widget-image\" data-id=\"9aad9ab\" data-element_type=\"widget\" data-e-type=\"widget\" data-settings=\"{&quot;ekit_we_effect_on&quot;:&quot;none&quot;}\" data-widget_type=\"image.default\">\n\t\t\t\t<div class=\"elementor-widget-container\">\n\t\t\t\t\t\t\t\t\t\t\t\t\t\t\t<img loading=\"lazy\" decoding=\"async\" width=\"500\" height=\"500\" src=\"https:\/\/marintextil.com\/wp-content\/uploads\/2025\/03\/BK-5.png\" class=\"attachment-large size-large wp-image-5152\" alt=\"Lasse Mayas KROG\" srcset=\"https:\/\/marintextil.com\/wp-content\/uploads\/2025\/03\/BK-5.png 500w, https:\/\/marintextil.com\/wp-content\/uploads\/2025\/03\/BK-5-300x300.png 300w, https:\/\/marintextil.com\/wp-content\/uploads\/2025\/03\/BK-5-100x100.png 100w, https:\/\/marintextil.com\/wp-content\/uploads\/2025\/03\/BK-5-64x64.png 64w, https:\/\/marintextil.com\/wp-content\/uploads\/2025\/03\/BK-5-150x150.png 150w\" sizes=\"(max-width: 500px) 100vw, 500px\" title=\"\">\t\t\t\t\t\t\t\t\t\t\t\t\t\t\t<\/div>\n\t\t\t\t<\/div>\n\t\t\t\t<div class=\"elementor-element elementor-element-e02d024 elementor-widget elementor-widget-heading\" data-id=\"e02d024\" data-element_type=\"widget\" data-e-type=\"widget\" data-settings=\"{&quot;ekit_we_effect_on&quot;:&quot;none&quot;}\" data-widget_type=\"heading.default\">\n\t\t\t\t<div class=\"elementor-widget-container\">\n\t\t\t\t\t<h3 class=\"elementor-heading-title elementor-size-default\">Lasse Majas Krog<\/h3>\t\t\t\t<\/div>\n\t\t\t\t<\/div>\n\t\t\t\t<div class=\"elementor-element elementor-element-9bbc2fc elementor-widget elementor-widget-text-editor\" data-id=\"9bbc2fc\" data-element_type=\"widget\" data-e-type=\"widget\" data-settings=\"{&quot;ekit_we_effect_on&quot;:&quot;none&quot;}\" data-widget_type=\"text-editor.default\">\n\t\t\t\t<div class=\"elementor-widget-container\">\n\t\t\t\t\t\t\t\t\t<p>Till Lasse Majas Krog har vi levererat m\u00e5ttsydda sittdynor och gardiner f\u00f6r restaurangmilj\u00f6n. Med fokus p\u00e5 komfort och estetik syr vi exklusiva textill\u00f6sningar som kombinerar funktion och stil. Perfekt f\u00f6r hotell och restaurang.<\/p>\t\t\t\t\t\t\t\t<\/div>\n\t\t\t\t<\/div>\n\t\t\t\t<div class=\"elementor-element elementor-element-772f7b2 elementor-align-center elementor-widget elementor-widget-button\" data-id=\"772f7b2\" data-element_type=\"widget\" data-e-type=\"widget\" data-settings=\"{&quot;ekit_we_effect_on&quot;:&quot;none&quot;}\" data-widget_type=\"button.default\">\n\t\t\t\t<div class=\"elementor-widget-container\">\n\t\t\t\t\t\t\t\t\t<div class=\"elementor-button-wrapper\">\n\t\t\t\t\t<a class=\"elementor-button elementor-button-link elementor-size-sm elementor-animation-shrink\" href=\"#lasse-maja\">\n\t\t\t\t\t\t<span class=\"elementor-button-content-wrapper\">\n\t\t\t\t\t\t<span class=\"elementor-button-icon\">\n\t\t\t\t<i aria-hidden=\"true\" class=\"icon icon-arrow-down-circle\"><\/i>\t\t\t<\/span>\n\t\t\t\t\t\t\t\t\t<span class=\"elementor-button-text\">MER OM LASSE MAJAS KROG<\/span>\n\t\t\t\t\t<\/span>\n\t\t\t\t\t<\/a>\n\t\t\t\t<\/div>\n\t\t\t\t\t\t\t\t<\/div>\n\t\t\t\t<\/div>\n\t\t\t\t<\/div>\n\t\t\t\t<\/div>\n\t\t\t\t\t<\/div>\n\t\t\t\t<\/div>\n\t\t<div class=\"elementor-element elementor-element-a30e024 e-con-full e-flex wpr-particle-no wpr-jarallax-no wpr-parallax-no wpr-sticky-section-no wpr-equal-height-no e-con e-parent\" data-id=\"a30e024\" data-element_type=\"container\" data-e-type=\"container\" data-settings=\"{&quot;ekit_has_onepagescroll_dot&quot;:&quot;yes&quot;}\">\n\t\t\t\t<div class=\"elementor-element elementor-element-c56e7ba elementor-widget-divider--view-line elementor-widget elementor-widget-divider\" data-id=\"c56e7ba\" data-element_type=\"widget\" data-e-type=\"widget\" data-settings=\"{&quot;ekit_we_effect_on&quot;:&quot;none&quot;}\" data-widget_type=\"divider.default\">\n\t\t\t\t<div class=\"elementor-widget-container\">\n\t\t\t\t\t\t\t<div class=\"elementor-divider\">\n\t\t\t<span class=\"elementor-divider-separator\">\n\t\t\t\t\t\t<\/span>\n\t\t<\/div>\n\t\t\t\t\t\t<\/div>\n\t\t\t\t<\/div>\n\t\t\t\t<\/div>\n\t\t<div class=\"elementor-element elementor-element-4302e49 e-flex e-con-boxed wpr-particle-no wpr-jarallax-no wpr-parallax-no wpr-sticky-section-no wpr-equal-height-no e-con e-parent\" data-id=\"4302e49\" data-element_type=\"container\" data-e-type=\"container\" data-settings=\"{&quot;ekit_has_onepagescroll_dot&quot;:&quot;yes&quot;}\">\n\t\t\t\t\t<div class=\"e-con-inner\">\n\t\t<div class=\"elementor-element elementor-element-496b7ce e-con-full e-flex wpr-particle-no wpr-jarallax-no wpr-parallax-no wpr-sticky-section-no wpr-equal-height-no e-con e-child\" data-id=\"496b7ce\" data-element_type=\"container\" data-e-type=\"container\" data-settings=\"{&quot;ekit_has_onepagescroll_dot&quot;:&quot;yes&quot;}\">\n\t\t<div class=\"elementor-element elementor-element-64d5ccd e-con-full e-flex wpr-particle-no wpr-jarallax-no wpr-parallax-no wpr-sticky-section-no wpr-equal-height-no e-con e-child\" data-id=\"64d5ccd\" data-element_type=\"container\" data-e-type=\"container\" data-settings=\"{&quot;ekit_has_onepagescroll_dot&quot;:&quot;yes&quot;}\">\n\t\t\t\t<div class=\"elementor-element elementor-element-91ca756 elementor-invisible elementor-widget elementor-widget-image\" data-id=\"91ca756\" data-element_type=\"widget\" data-e-type=\"widget\" data-settings=\"{&quot;_animation&quot;:&quot;fadeIn&quot;,&quot;ekit_we_effect_on&quot;:&quot;none&quot;}\" data-widget_type=\"image.default\">\n\t\t\t\t<div class=\"elementor-widget-container\">\n\t\t\t\t\t\t\t\t\t\t\t\t\t\t\t<img loading=\"lazy\" decoding=\"async\" width=\"1024\" height=\"768\" src=\"https:\/\/marintextil.com\/wp-content\/uploads\/2025\/07\/IMG_8574-1024x768.webp\" class=\"attachment-large size-large wp-image-5647\" alt=\"Sittdynor f\u00f6r Stena Line ombord p\u00e5 fartyg \u2013 marintextilproduktion i industriell milj\u00f6\" srcset=\"https:\/\/marintextil.com\/wp-content\/uploads\/2025\/07\/IMG_8574-1024x768.webp 1024w, https:\/\/marintextil.com\/wp-content\/uploads\/2025\/07\/IMG_8574-scaled-600x450.webp 600w, https:\/\/marintextil.com\/wp-content\/uploads\/2025\/07\/IMG_8574-scaled-64x48.webp 64w, https:\/\/marintextil.com\/wp-content\/uploads\/2025\/07\/IMG_8574-300x225.webp 300w, https:\/\/marintextil.com\/wp-content\/uploads\/2025\/07\/IMG_8574-768x576.webp 768w, https:\/\/marintextil.com\/wp-content\/uploads\/2025\/07\/IMG_8574-1536x1152.webp 1536w, https:\/\/marintextil.com\/wp-content\/uploads\/2025\/07\/IMG_8574-2048x1536.webp 2048w\" sizes=\"(max-width: 1024px) 100vw, 1024px\" title=\"\">\t\t\t\t\t\t\t\t\t\t\t\t\t\t\t<\/div>\n\t\t\t\t<\/div>\n\t\t\t\t<\/div>\n\t\t<div class=\"elementor-element elementor-element-fe75b83 e-con-full e-flex wpr-particle-no wpr-jarallax-no wpr-parallax-no wpr-sticky-section-no wpr-equal-height-no e-con e-child\" data-id=\"fe75b83\" data-element_type=\"container\" data-e-type=\"container\" data-settings=\"{&quot;ekit_has_onepagescroll_dot&quot;:&quot;yes&quot;}\">\n\t\t\t\t<div class=\"elementor-element elementor-element-7645cc7 elementor-invisible elementor-widget elementor-widget-image\" data-id=\"7645cc7\" data-element_type=\"widget\" data-e-type=\"widget\" data-settings=\"{&quot;_animation&quot;:&quot;fadeIn&quot;,&quot;ekit_we_effect_on&quot;:&quot;none&quot;}\" data-widget_type=\"image.default\">\n\t\t\t\t<div class=\"elementor-widget-container\">\n\t\t\t\t\t\t\t\t\t\t\t\t\t\t\t<img loading=\"lazy\" decoding=\"async\" width=\"1024\" height=\"768\" src=\"https:\/\/marintextil.com\/wp-content\/uploads\/2025\/06\/IMG-20250622-WA0192-1024x768.webp\" class=\"attachment-large size-large wp-image-3840\" alt=\"Sittdynor till Stena Lines fartyg \u2013 ergonomiska, fuktt\u00e5liga &amp; marina tyger\" srcset=\"https:\/\/marintextil.com\/wp-content\/uploads\/2025\/06\/IMG-20250622-WA0192-1024x768.webp 1024w, https:\/\/marintextil.com\/wp-content\/uploads\/2025\/06\/IMG-20250622-WA0192-scaled-600x450.webp 600w, https:\/\/marintextil.com\/wp-content\/uploads\/2025\/06\/IMG-20250622-WA0192-scaled-64x48.webp 64w, https:\/\/marintextil.com\/wp-content\/uploads\/2025\/06\/IMG-20250622-WA0192-300x225.webp 300w, https:\/\/marintextil.com\/wp-content\/uploads\/2025\/06\/IMG-20250622-WA0192-768x576.webp 768w, https:\/\/marintextil.com\/wp-content\/uploads\/2025\/06\/IMG-20250622-WA0192-1536x1152.webp 1536w, https:\/\/marintextil.com\/wp-content\/uploads\/2025\/06\/IMG-20250622-WA0192-2048x1536.webp 2048w\" sizes=\"(max-width: 1024px) 100vw, 1024px\" title=\"\">\t\t\t\t\t\t\t\t\t\t\t\t\t\t\t<\/div>\n\t\t\t\t<\/div>\n\t\t\t\t<\/div>\n\t\t<div class=\"elementor-element elementor-element-932f958 e-con-full e-flex wpr-particle-no wpr-jarallax-no wpr-parallax-no wpr-sticky-section-no wpr-equal-height-no e-con e-child\" data-id=\"932f958\" data-element_type=\"container\" data-e-type=\"container\" data-settings=\"{&quot;ekit_has_onepagescroll_dot&quot;:&quot;yes&quot;}\">\n\t\t\t\t<div class=\"elementor-element elementor-element-865e786 elementor-invisible elementor-widget elementor-widget-image\" data-id=\"865e786\" data-element_type=\"widget\" data-e-type=\"widget\" data-settings=\"{&quot;_animation&quot;:&quot;fadeIn&quot;,&quot;ekit_we_effect_on&quot;:&quot;none&quot;}\" data-widget_type=\"image.default\">\n\t\t\t\t<div class=\"elementor-widget-container\">\n\t\t\t\t\t\t\t\t\t\t\t\t\t\t\t<img loading=\"lazy\" decoding=\"async\" width=\"1024\" height=\"768\" src=\"https:\/\/marintextil.com\/wp-content\/uploads\/2025\/07\/IMG_8578-1024x768.webp\" class=\"attachment-large size-large wp-image-5639\" alt=\"Soffa-dynor f\u00f6r Stena Line i marin verkstadsmilj\u00f6\" srcset=\"https:\/\/marintextil.com\/wp-content\/uploads\/2025\/07\/IMG_8578-1024x768.webp 1024w, https:\/\/marintextil.com\/wp-content\/uploads\/2025\/07\/IMG_8578-scaled-600x450.webp 600w, https:\/\/marintextil.com\/wp-content\/uploads\/2025\/07\/IMG_8578-scaled-64x48.webp 64w, https:\/\/marintextil.com\/wp-content\/uploads\/2025\/07\/IMG_8578-300x225.webp 300w, https:\/\/marintextil.com\/wp-content\/uploads\/2025\/07\/IMG_8578-768x576.webp 768w, https:\/\/marintextil.com\/wp-content\/uploads\/2025\/07\/IMG_8578-1536x1152.webp 1536w, https:\/\/marintextil.com\/wp-content\/uploads\/2025\/07\/IMG_8578-2048x1536.webp 2048w\" sizes=\"(max-width: 1024px) 100vw, 1024px\" title=\"\">\t\t\t\t\t\t\t\t\t\t\t\t\t\t\t<\/div>\n\t\t\t\t<\/div>\n\t\t\t\t<div class=\"elementor-element elementor-element-d3dc149 elementor-hidden-desktop elementor-invisible elementor-widget elementor-widget-image\" data-id=\"d3dc149\" data-element_type=\"widget\" data-e-type=\"widget\" data-settings=\"{&quot;_animation&quot;:&quot;fadeIn&quot;,&quot;ekit_we_effect_on&quot;:&quot;none&quot;}\" data-widget_type=\"image.default\">\n\t\t\t\t<div class=\"elementor-widget-container\">\n\t\t\t\t\t\t\t\t\t\t\t\t\t\t\t<img loading=\"lazy\" decoding=\"async\" width=\"1024\" height=\"768\" src=\"https:\/\/marintextil.com\/wp-content\/uploads\/2025\/07\/IMG_8562-1024x768.webp\" class=\"attachment-large size-large wp-image-5648\" alt=\"Stena Line - Partner Dynor\" srcset=\"https:\/\/marintextil.com\/wp-content\/uploads\/2025\/07\/IMG_8562-1024x768.webp 1024w, https:\/\/marintextil.com\/wp-content\/uploads\/2025\/07\/IMG_8562-scaled-600x450.webp 600w, https:\/\/marintextil.com\/wp-content\/uploads\/2025\/07\/IMG_8562-scaled-64x48.webp 64w, https:\/\/marintextil.com\/wp-content\/uploads\/2025\/07\/IMG_8562-300x225.webp 300w, https:\/\/marintextil.com\/wp-content\/uploads\/2025\/07\/IMG_8562-768x576.webp 768w, https:\/\/marintextil.com\/wp-content\/uploads\/2025\/07\/IMG_8562-1536x1152.webp 1536w, https:\/\/marintextil.com\/wp-content\/uploads\/2025\/07\/IMG_8562-2048x1536.webp 2048w\" sizes=\"(max-width: 1024px) 100vw, 1024px\" title=\"\">\t\t\t\t\t\t\t\t\t\t\t\t\t\t\t<\/div>\n\t\t\t\t<\/div>\n\t\t\t\t<div class=\"elementor-element elementor-element-d5fa7af elementor-hidden-desktop elementor-invisible elementor-widget elementor-widget-image\" data-id=\"d5fa7af\" data-element_type=\"widget\" data-e-type=\"widget\" data-settings=\"{&quot;_animation&quot;:&quot;fadeIn&quot;,&quot;ekit_we_effect_on&quot;:&quot;none&quot;}\" data-widget_type=\"image.default\">\n\t\t\t\t<div class=\"elementor-widget-container\">\n\t\t\t\t\t\t\t\t\t\t\t\t\t\t\t<img loading=\"lazy\" decoding=\"async\" width=\"1024\" height=\"768\" src=\"https:\/\/marintextil.com\/wp-content\/uploads\/2025\/07\/IMG_8580-1024x768.webp\" class=\"attachment-large size-large wp-image-5644\" alt=\"Soffa Dynor\" srcset=\"https:\/\/marintextil.com\/wp-content\/uploads\/2025\/07\/IMG_8580-1024x768.webp 1024w, https:\/\/marintextil.com\/wp-content\/uploads\/2025\/07\/IMG_8580-scaled-600x450.webp 600w, https:\/\/marintextil.com\/wp-content\/uploads\/2025\/07\/IMG_8580-scaled-64x48.webp 64w, https:\/\/marintextil.com\/wp-content\/uploads\/2025\/07\/IMG_8580-300x225.webp 300w, https:\/\/marintextil.com\/wp-content\/uploads\/2025\/07\/IMG_8580-768x576.webp 768w, https:\/\/marintextil.com\/wp-content\/uploads\/2025\/07\/IMG_8580-1536x1152.webp 1536w, https:\/\/marintextil.com\/wp-content\/uploads\/2025\/07\/IMG_8580-2048x1536.webp 2048w\" sizes=\"(max-width: 1024px) 100vw, 1024px\" title=\"\">\t\t\t\t\t\t\t\t\t\t\t\t\t\t\t<\/div>\n\t\t\t\t<\/div>\n\t\t\t\t<div class=\"elementor-element elementor-element-3a9366a elementor-hidden-desktop elementor-invisible elementor-widget elementor-widget-image\" data-id=\"3a9366a\" data-element_type=\"widget\" data-e-type=\"widget\" data-settings=\"{&quot;_animation&quot;:&quot;fadeIn&quot;,&quot;ekit_we_effect_on&quot;:&quot;none&quot;}\" data-widget_type=\"image.default\">\n\t\t\t\t<div class=\"elementor-widget-container\">\n\t\t\t\t\t\t\t\t\t\t\t\t\t\t\t<img loading=\"lazy\" decoding=\"async\" width=\"1024\" height=\"768\" src=\"https:\/\/marintextil.com\/wp-content\/uploads\/2025\/06\/IMG-20250622-WA0193-1024x768.webp\" class=\"attachment-large size-large wp-image-3839\" alt=\"Stolsdynor i rad \u2013 m\u00e5ttbest\u00e4llda fr\u00e5n Marstrands Marintextil\" srcset=\"https:\/\/marintextil.com\/wp-content\/uploads\/2025\/06\/IMG-20250622-WA0193-1024x768.webp 1024w, https:\/\/marintextil.com\/wp-content\/uploads\/2025\/06\/IMG-20250622-WA0193-scaled-600x450.webp 600w, https:\/\/marintextil.com\/wp-content\/uploads\/2025\/06\/IMG-20250622-WA0193-scaled-64x48.webp 64w, https:\/\/marintextil.com\/wp-content\/uploads\/2025\/06\/IMG-20250622-WA0193-300x225.webp 300w, https:\/\/marintextil.com\/wp-content\/uploads\/2025\/06\/IMG-20250622-WA0193-768x576.webp 768w, https:\/\/marintextil.com\/wp-content\/uploads\/2025\/06\/IMG-20250622-WA0193-1536x1152.webp 1536w, https:\/\/marintextil.com\/wp-content\/uploads\/2025\/06\/IMG-20250622-WA0193-2048x1536.webp 2048w\" sizes=\"(max-width: 1024px) 100vw, 1024px\" title=\"\">\t\t\t\t\t\t\t\t\t\t\t\t\t\t\t<\/div>\n\t\t\t\t<\/div>\n\t\t\t\t<\/div>\n\t\t\t\t<\/div>\n\t\t<div class=\"elementor-element elementor-element-73e94ec e-con-full e-flex wpr-particle-no wpr-jarallax-no wpr-parallax-no wpr-sticky-section-no wpr-equal-height-no e-con e-child\" data-id=\"73e94ec\" data-element_type=\"container\" data-e-type=\"container\" data-settings=\"{&quot;ekit_has_onepagescroll_dot&quot;:&quot;yes&quot;}\">\n\t\t\t\t<div class=\"elementor-element elementor-element-468e136 elementor-invisible elementor-widget elementor-widget-heading\" data-id=\"468e136\" data-element_type=\"widget\" data-e-type=\"widget\" id=\"stena-line\" data-settings=\"{&quot;_animation&quot;:&quot;fadeIn&quot;,&quot;ekit_we_effect_on&quot;:&quot;none&quot;}\" data-widget_type=\"heading.default\">\n\t\t\t\t<div class=\"elementor-widget-container\">\n\t\t\t\t\t<h2 class=\"elementor-heading-title elementor-size-default\"><a href=\"https:\/\/www.stenaline.se\/\" target=\"_blank\" rel=\"noopener\">Stena Line - Samarbete<\/a><\/h2>\t\t\t\t<\/div>\n\t\t\t\t<\/div>\n\t\t\t\t<div class=\"elementor-element elementor-element-da94f22 elementor-invisible elementor-widget elementor-widget-text-editor\" data-id=\"da94f22\" data-element_type=\"widget\" data-e-type=\"widget\" data-settings=\"{&quot;_animation&quot;:&quot;fadeIn&quot;,&quot;ekit_we_effect_on&quot;:&quot;none&quot;}\" data-widget_type=\"text-editor.default\">\n\t\t\t\t<div class=\"elementor-widget-container\">\n\t\t\t\t\t\t\t\t\t<p data-start=\"240\" data-end=\"627\">Den 19:e juni 2025 genomf\u00f6rde vi ett omfattande uppdrag ombord p\u00e5 ett Stena Line-fartyg i Halmstad. Under en intensiv arbetsdag p\u00e5 under 10 timmar levererade och monterade vi hela 25 specialtillverkade sittdynor, direkt p\u00e5 plats. Detta \u00e4r bara ett av m\u00e5nga exempel p\u00e5 hur vi hos Marstrands Marintextil arbetar med effektiva, h\u00f6gkvalitativa textill\u00f6sningar f\u00f6r kr\u00e4vande marina milj\u00f6er.<\/p><p data-start=\"629\" data-end=\"1039\">V\u00e5rt samarbete med Stena Line omfattar mer \u00e4n bara\u00a0<a href=\"https:\/\/marintextil.com\/sittdynor\/\" target=\"_blank\" rel=\"noopener\">sittdynor\u00a0<\/a>\u2013 vi bidrar med design, omkl\u00e4dsel och nytillverkning av stolar, ryggkuddar och annan textilinredning till fartygens gemensamma utrymmen. Vi arbetar med slitstarka marina tyger som klarar fukt, r\u00f6relse, salt och intensiv daglig anv\u00e4ndning. V\u00e5rt m\u00e5l \u00e4r att skapa l\u00e5ngsiktigt h\u00e5llbara l\u00f6sningar med god ergonomi f\u00f6r b\u00e5de bes\u00e4ttning och passagerare.<\/p><p data-start=\"204\" data-end=\"690\">Vi har haft f\u00f6rm\u00e5nen att samarbeta inom en kr\u00e4vande bransch d\u00e4r sittdynor anv\u00e4nds dagligen av m\u00e4ngder av m\u00e4nniskor. F\u00f6r att m\u00f6ta dessa h\u00f6ga krav v\u00e4ljer vi slitstarka och v\u00e4tskeavvisande tyger som klarar spill, slitage och frekvent reng\u00f6ring \u2013 till skillnad fr\u00e5n \u00e4ldre material som ofta f\u00f6rs\u00e4mrades snabbt. V\u00e5rt fokus ligger p\u00e5 att producera h\u00e5llbara och bekv\u00e4ma sittdynor med l\u00e5ng livsl\u00e4ngd, samtidigt som vi effektiviserar produktionen f\u00f6r att minska b\u00e5de tids\u00e5tg\u00e5ng och milj\u00f6p\u00e5verkan.<\/p><p data-start=\"692\" data-end=\"879\">P\u00e5 Marstrands Marintextil erbjuder vi helhetsl\u00f6sningar inom textil, fr\u00e5n m\u00e5ttsydda dynor och gardiner till kapell, m\u00f6belkl\u00e4dslar och inredning \u2013 allt skr\u00e4ddarsytt efter f\u00f6retagets behov.<\/p>\t\t\t\t\t\t\t\t<\/div>\n\t\t\t\t<\/div>\n\t\t\t\t<div class=\"elementor-element elementor-element-9eb1cd7 elementor-invisible elementor-widget elementor-widget-heading\" data-id=\"9eb1cd7\" data-element_type=\"widget\" data-e-type=\"widget\" data-settings=\"{&quot;_animation&quot;:&quot;fadeIn&quot;,&quot;ekit_we_effect_on&quot;:&quot;none&quot;}\" data-widget_type=\"heading.default\">\n\t\t\t\t<div class=\"elementor-widget-container\">\n\t\t\t\t\t<h4 class=\"elementor-heading-title elementor-size-default\">Ett samarbete i v\u00e4rldsklass<\/h4>\t\t\t\t<\/div>\n\t\t\t\t<\/div>\n\t\t\t\t<div class=\"elementor-element elementor-element-43984b6 elementor-invisible elementor-widget elementor-widget-text-editor\" data-id=\"43984b6\" data-element_type=\"widget\" data-e-type=\"widget\" data-settings=\"{&quot;_animation&quot;:&quot;fadeIn&quot;,&quot;ekit_we_effect_on&quot;:&quot;none&quot;}\" data-widget_type=\"text-editor.default\">\n\t\t\t\t<div class=\"elementor-widget-container\">\n\t\t\t\t\t\t\t\t\t<p data-start=\"1075\" data-end=\"1389\">Att samarbeta med Stena Line har varit en av v\u00e5ra mest givande upplevelser. Deras team \u00e4r professionellt, v\u00e4lorganiserat och otroligt samarbetsvilligt \u2013 n\u00e5got som gjort hela processen smidig och effektiv. Tack vare god planering kunde vi genomf\u00f6ra ett helt arbete med tygbyte och montering av dynor p\u00e5 en enda dag.<\/p><p data-start=\"1391\" data-end=\"1734\">Vi \u00e4r stolta \u00f6ver att f\u00e5 vara en del av deras kvalitetsarbete och hj\u00e4lpa till att lyfta passagerarupplevelsen med skr\u00e4ddarsydd textilinredning. Beh\u00f6ver du liknande hj\u00e4lp med marina sittdynor, fartygsinredning eller hotelltextilier? Vi hj\u00e4lper f\u00f6retag \u00f6ver hela Sverige med textill\u00f6sningar f\u00f6r sj\u00f6fart, transport, restaurang och hotell.<\/p><p data-start=\"1391\" data-end=\"1734\">Beh\u00f6ver du hj\u00e4lp med n\u00e5got? <a href=\"https:\/\/marintextil.com\/kontakta-oss\/\">Kontakta oss<\/a> g\u00e4rna direkt.<\/p>\t\t\t\t\t\t\t\t<\/div>\n\t\t\t\t<\/div>\n\t\t<div class=\"elementor-element elementor-element-7d7349a e-con-full e-flex wpr-particle-no wpr-jarallax-no wpr-parallax-no wpr-sticky-section-no wpr-equal-height-no e-con e-child\" data-id=\"7d7349a\" data-element_type=\"container\" data-e-type=\"container\" data-settings=\"{&quot;ekit_has_onepagescroll_dot&quot;:&quot;yes&quot;}\">\n\t\t<div class=\"elementor-element elementor-element-e294fad e-con-full e-flex wpr-particle-no wpr-jarallax-no wpr-parallax-no wpr-sticky-section-no wpr-equal-height-no e-con e-child\" data-id=\"e294fad\" data-element_type=\"container\" data-e-type=\"container\" data-settings=\"{&quot;ekit_has_onepagescroll_dot&quot;:&quot;yes&quot;}\">\n\t\t\t\t<div class=\"elementor-element elementor-element-115a2b1 elementor-align-justify elementor-widget__width-initial elementor-widget elementor-widget-button\" data-id=\"115a2b1\" data-element_type=\"widget\" data-e-type=\"widget\" data-settings=\"{&quot;ekit_we_effect_on&quot;:&quot;none&quot;}\" data-widget_type=\"button.default\">\n\t\t\t\t<div class=\"elementor-widget-container\">\n\t\t\t\t\t\t\t\t\t<div class=\"elementor-button-wrapper\">\n\t\t\t\t\t<a class=\"elementor-button elementor-button-link elementor-size-sm\" href=\"https:\/\/marintextil.com\/sittdynor\/\">\n\t\t\t\t\t\t<span class=\"elementor-button-content-wrapper\">\n\t\t\t\t\t\t<span class=\"elementor-button-icon\">\n\t\t\t\t<i aria-hidden=\"true\" class=\" ti-info-alt\"><\/i>\t\t\t<\/span>\n\t\t\t\t\t\t\t\t\t<span class=\"elementor-button-text\">L\u00e4s mer om Sittdynor<\/span>\n\t\t\t\t\t<\/span>\n\t\t\t\t\t<\/a>\n\t\t\t\t<\/div>\n\t\t\t\t\t\t\t\t<\/div>\n\t\t\t\t<\/div>\n\t\t\t\t<\/div>\n\t\t<div class=\"elementor-element elementor-element-f365780 e-con-full e-flex wpr-particle-no wpr-jarallax-no wpr-parallax-no wpr-sticky-section-no wpr-equal-height-no e-con e-child\" data-id=\"f365780\" data-element_type=\"container\" data-e-type=\"container\" data-settings=\"{&quot;ekit_has_onepagescroll_dot&quot;:&quot;yes&quot;}\">\n\t\t\t\t<div class=\"elementor-element elementor-element-5325056 elementor-align-justify elementor-widget__width-initial elementor-widget elementor-widget-button\" data-id=\"5325056\" data-element_type=\"widget\" data-e-type=\"widget\" data-settings=\"{&quot;ekit_we_effect_on&quot;:&quot;none&quot;}\" data-widget_type=\"button.default\">\n\t\t\t\t<div class=\"elementor-widget-container\">\n\t\t\t\t\t\t\t\t\t<div class=\"elementor-button-wrapper\">\n\t\t\t\t\t<a class=\"elementor-button elementor-button-link elementor-size-sm\" href=\"https:\/\/marintextil.com\/kontakta-oss\/\">\n\t\t\t\t\t\t<span class=\"elementor-button-content-wrapper\">\n\t\t\t\t\t\t\t\t\t<span class=\"elementor-button-text\">Kontakta Oss<\/span>\n\t\t\t\t\t<\/span>\n\t\t\t\t\t<\/a>\n\t\t\t\t<\/div>\n\t\t\t\t\t\t\t\t<\/div>\n\t\t\t\t<\/div>\n\t\t\t\t<\/div>\n\t\t\t\t<\/div>\n\t\t\t\t<\/div>\n\t\t\t\t\t<\/div>\n\t\t\t\t<\/div>\n\t\t<div class=\"elementor-element elementor-element-a8697a8 e-con-full e-flex wpr-particle-no wpr-jarallax-no wpr-parallax-no wpr-sticky-section-no wpr-equal-height-no e-con e-parent\" data-id=\"a8697a8\" data-element_type=\"container\" data-e-type=\"container\" data-settings=\"{&quot;ekit_has_onepagescroll_dot&quot;:&quot;yes&quot;}\">\n\t\t\t\t<div class=\"elementor-element elementor-element-2cf1665 elementor-widget-divider--view-line elementor-widget elementor-widget-divider\" data-id=\"2cf1665\" data-element_type=\"widget\" data-e-type=\"widget\" data-settings=\"{&quot;ekit_we_effect_on&quot;:&quot;none&quot;}\" data-widget_type=\"divider.default\">\n\t\t\t\t<div class=\"elementor-widget-container\">\n\t\t\t\t\t\t\t<div class=\"elementor-divider\">\n\t\t\t<span class=\"elementor-divider-separator\">\n\t\t\t\t\t\t<\/span>\n\t\t<\/div>\n\t\t\t\t\t\t<\/div>\n\t\t\t\t<\/div>\n\t\t\t\t<\/div>\n\t\t<div class=\"elementor-element elementor-element-a665483 e-flex e-con-boxed wpr-particle-no wpr-jarallax-no wpr-parallax-no wpr-sticky-section-no wpr-equal-height-no e-con e-parent\" data-id=\"a665483\" data-element_type=\"container\" data-e-type=\"container\" data-settings=\"{&quot;ekit_has_onepagescroll_dot&quot;:&quot;yes&quot;}\">\n\t\t\t\t\t<div class=\"e-con-inner\">\n\t\t<div class=\"elementor-element elementor-element-f5471b6 e-con-full e-flex wpr-particle-no wpr-jarallax-no wpr-parallax-no wpr-sticky-section-no wpr-equal-height-no e-con e-child\" data-id=\"f5471b6\" data-element_type=\"container\" data-e-type=\"container\" data-settings=\"{&quot;ekit_has_onepagescroll_dot&quot;:&quot;yes&quot;}\">\n\t\t<div class=\"elementor-element elementor-element-acf143f e-con-full e-flex wpr-particle-no wpr-jarallax-no wpr-parallax-no wpr-sticky-section-no wpr-equal-height-no e-con e-child\" data-id=\"acf143f\" data-element_type=\"container\" data-e-type=\"container\" data-settings=\"{&quot;ekit_has_onepagescroll_dot&quot;:&quot;yes&quot;}\">\n\t\t\t\t<div class=\"elementor-element elementor-element-2508f8e elementor-invisible elementor-widget elementor-widget-image\" data-id=\"2508f8e\" data-element_type=\"widget\" data-e-type=\"widget\" data-settings=\"{&quot;_animation&quot;:&quot;fadeIn&quot;,&quot;ekit_we_effect_on&quot;:&quot;none&quot;}\" data-widget_type=\"image.default\">\n\t\t\t\t<div class=\"elementor-widget-container\">\n\t\t\t\t\t\t\t\t\t\t\t\t\t\t\t<img loading=\"lazy\" decoding=\"async\" width=\"1024\" height=\"974\" src=\"https:\/\/marintextil.com\/wp-content\/uploads\/2025\/06\/IMG-20250622-WA0044-scaled-e1752281018255-1024x974.webp\" class=\"attachment-large size-large wp-image-3699\" alt=\"Marstrands Marintextil \u2013 omkl\u00e4dda stolar i V\u00e4sttrafik expressbuss\" srcset=\"https:\/\/marintextil.com\/wp-content\/uploads\/2025\/06\/IMG-20250622-WA0044-scaled-e1752281018255-1024x974.webp 1024w, https:\/\/marintextil.com\/wp-content\/uploads\/2025\/06\/IMG-20250622-WA0044-scaled-e1752281018255-600x571.webp 600w, https:\/\/marintextil.com\/wp-content\/uploads\/2025\/06\/IMG-20250622-WA0044-scaled-e1752281018255-64x61.webp 64w, https:\/\/marintextil.com\/wp-content\/uploads\/2025\/06\/IMG-20250622-WA0044-scaled-e1752281018255-300x285.webp 300w, https:\/\/marintextil.com\/wp-content\/uploads\/2025\/06\/IMG-20250622-WA0044-scaled-e1752281018255-768x731.webp 768w, https:\/\/marintextil.com\/wp-content\/uploads\/2025\/06\/IMG-20250622-WA0044-scaled-e1752281018255-1536x1462.webp 1536w, https:\/\/marintextil.com\/wp-content\/uploads\/2025\/06\/IMG-20250622-WA0044-scaled-e1752281018255-2048x1949.webp 2048w\" sizes=\"(max-width: 1024px) 100vw, 1024px\" title=\"\">\t\t\t\t\t\t\t\t\t\t\t\t\t\t\t<\/div>\n\t\t\t\t<\/div>\n\t\t\t\t<div class=\"elementor-element elementor-element-1074d20 elementor-widget__width-initial elementor-invisible elementor-widget elementor-widget-image\" data-id=\"1074d20\" data-element_type=\"widget\" data-e-type=\"widget\" data-settings=\"{&quot;_animation&quot;:&quot;fadeIn&quot;,&quot;ekit_we_effect_on&quot;:&quot;none&quot;}\" data-widget_type=\"image.default\">\n\t\t\t\t<div class=\"elementor-widget-container\">\n\t\t\t\t\t\t\t\t\t\t\t\t\t\t\t<img loading=\"lazy\" decoding=\"async\" width=\"768\" height=\"1024\" src=\"https:\/\/marintextil.com\/wp-content\/uploads\/2025\/06\/IMG-20250622-WA0196-768x1024.webp\" class=\"attachment-large size-large wp-image-3849\" alt=\"V\u00e4sttrafik s\u00e4tesomkl\u00e4dsel \u2013 komfort och s\u00e4kerhet i kollektivtrafik\" srcset=\"https:\/\/marintextil.com\/wp-content\/uploads\/2025\/06\/IMG-20250622-WA0196-768x1024.webp 768w, https:\/\/marintextil.com\/wp-content\/uploads\/2025\/06\/IMG-20250622-WA0196-scaled-600x800.webp 600w, https:\/\/marintextil.com\/wp-content\/uploads\/2025\/06\/IMG-20250622-WA0196-scaled-64x85.webp 64w, https:\/\/marintextil.com\/wp-content\/uploads\/2025\/06\/IMG-20250622-WA0196-225x300.webp 225w, https:\/\/marintextil.com\/wp-content\/uploads\/2025\/06\/IMG-20250622-WA0196-1152x1536.webp 1152w, https:\/\/marintextil.com\/wp-content\/uploads\/2025\/06\/IMG-20250622-WA0196-1536x2048.webp 1536w, https:\/\/marintextil.com\/wp-content\/uploads\/2025\/06\/IMG-20250622-WA0196-scaled.webp 1920w\" sizes=\"(max-width: 768px) 100vw, 768px\" title=\"\">\t\t\t\t\t\t\t\t\t\t\t\t\t\t\t<\/div>\n\t\t\t\t<\/div>\n\t\t\t\t<div class=\"elementor-element elementor-element-42a5aca elementor-widget__width-initial elementor-hidden-tablet elementor-invisible elementor-widget elementor-widget-image\" data-id=\"42a5aca\" data-element_type=\"widget\" data-e-type=\"widget\" data-settings=\"{&quot;_animation&quot;:&quot;fadeIn&quot;,&quot;ekit_we_effect_on&quot;:&quot;none&quot;}\" data-widget_type=\"image.default\">\n\t\t\t\t<div class=\"elementor-widget-container\">\n\t\t\t\t\t\t\t\t\t\t\t\t\t\t\t<img loading=\"lazy\" decoding=\"async\" width=\"1024\" height=\"1024\" src=\"https:\/\/marintextil.com\/wp-content\/uploads\/2025\/06\/IMG-20250622-WA0045-1024x1024.webp\" class=\"attachment-large size-large wp-image-3698\" alt=\"\" srcset=\"https:\/\/marintextil.com\/wp-content\/uploads\/2025\/06\/IMG-20250622-WA0045-1024x1024.webp 1024w, https:\/\/marintextil.com\/wp-content\/uploads\/2025\/06\/IMG-20250622-WA0045-300x300.webp 300w, https:\/\/marintextil.com\/wp-content\/uploads\/2025\/06\/IMG-20250622-WA0045-scaled-100x100.webp 100w, https:\/\/marintextil.com\/wp-content\/uploads\/2025\/06\/IMG-20250622-WA0045-scaled-600x600.webp 600w, https:\/\/marintextil.com\/wp-content\/uploads\/2025\/06\/IMG-20250622-WA0045-scaled-64x64.webp 64w, https:\/\/marintextil.com\/wp-content\/uploads\/2025\/06\/IMG-20250622-WA0045-150x150.webp 150w, https:\/\/marintextil.com\/wp-content\/uploads\/2025\/06\/IMG-20250622-WA0045-768x768.webp 768w, https:\/\/marintextil.com\/wp-content\/uploads\/2025\/06\/IMG-20250622-WA0045-1536x1536.webp 1536w, https:\/\/marintextil.com\/wp-content\/uploads\/2025\/06\/IMG-20250622-WA0045-2048x2048.webp 2048w\" sizes=\"(max-width: 1024px) 100vw, 1024px\" title=\"\">\t\t\t\t\t\t\t\t\t\t\t\t\t\t\t<\/div>\n\t\t\t\t<\/div>\n\t\t\t\t<\/div>\n\t\t<div class=\"elementor-element elementor-element-0041d1f e-con-full e-flex wpr-particle-no wpr-jarallax-no wpr-parallax-no wpr-sticky-section-no wpr-equal-height-no e-con e-child\" data-id=\"0041d1f\" data-element_type=\"container\" data-e-type=\"container\" data-settings=\"{&quot;ekit_has_onepagescroll_dot&quot;:&quot;yes&quot;}\">\n\t\t\t\t<div class=\"elementor-element elementor-element-dd24d80 elementor-invisible elementor-widget elementor-widget-image\" data-id=\"dd24d80\" data-element_type=\"widget\" data-e-type=\"widget\" data-settings=\"{&quot;_animation&quot;:&quot;fadeIn&quot;,&quot;ekit_we_effect_on&quot;:&quot;none&quot;}\" data-widget_type=\"image.default\">\n\t\t\t\t<div class=\"elementor-widget-container\">\n\t\t\t\t\t\t\t\t\t\t\t\t\t\t\t<img loading=\"lazy\" decoding=\"async\" width=\"577\" height=\"1024\" src=\"https:\/\/marintextil.com\/wp-content\/uploads\/2025\/06\/IMG-20250622-WA0138-577x1024.webp\" class=\"attachment-large size-large wp-image-3785\" alt=\"Passagerars\u00e4te V\u00e4sttrafik \u2013 nytt tyg i expressbuss fr\u00e5n MAN\" srcset=\"https:\/\/marintextil.com\/wp-content\/uploads\/2025\/06\/IMG-20250622-WA0138-577x1024.webp 577w, https:\/\/marintextil.com\/wp-content\/uploads\/2025\/06\/IMG-20250622-WA0138-scaled-600x1066.webp 600w, https:\/\/marintextil.com\/wp-content\/uploads\/2025\/06\/IMG-20250622-WA0138-scaled-64x114.webp 64w, https:\/\/marintextil.com\/wp-content\/uploads\/2025\/06\/IMG-20250622-WA0138-169x300.webp 169w, https:\/\/marintextil.com\/wp-content\/uploads\/2025\/06\/IMG-20250622-WA0138-768x1364.webp 768w, https:\/\/marintextil.com\/wp-content\/uploads\/2025\/06\/IMG-20250622-WA0138-865x1536.webp 865w, https:\/\/marintextil.com\/wp-content\/uploads\/2025\/06\/IMG-20250622-WA0138-1153x2048.webp 1153w, https:\/\/marintextil.com\/wp-content\/uploads\/2025\/06\/IMG-20250622-WA0138-scaled.webp 1441w\" sizes=\"(max-width: 577px) 100vw, 577px\" title=\"\">\t\t\t\t\t\t\t\t\t\t\t\t\t\t\t<\/div>\n\t\t\t\t<\/div>\n\t\t\t\t<div class=\"elementor-element elementor-element-573d361 elementor-widget__width-initial elementor-hidden-tablet elementor-invisible elementor-widget elementor-widget-image\" data-id=\"573d361\" data-element_type=\"widget\" data-e-type=\"widget\" data-settings=\"{&quot;_animation&quot;:&quot;fadeIn&quot;,&quot;ekit_we_effect_on&quot;:&quot;none&quot;}\" data-widget_type=\"image.default\">\n\t\t\t\t<div class=\"elementor-widget-container\">\n\t\t\t\t\t\t\t\t\t\t\t\t\t\t\t<img loading=\"lazy\" decoding=\"async\" width=\"577\" height=\"1024\" src=\"https:\/\/marintextil.com\/wp-content\/uploads\/2025\/06\/IMG-20250622-WA0137-577x1024.webp\" class=\"attachment-large size-large wp-image-3786\" alt=\"V\u00e4sttrafik f\u00f6rarstol omkl\u00e4dd \u2013 MAN expressbuss med ergonomisk och slitstark textil\" srcset=\"https:\/\/marintextil.com\/wp-content\/uploads\/2025\/06\/IMG-20250622-WA0137-577x1024.webp 577w, https:\/\/marintextil.com\/wp-content\/uploads\/2025\/06\/IMG-20250622-WA0137-scaled-600x1066.webp 600w, https:\/\/marintextil.com\/wp-content\/uploads\/2025\/06\/IMG-20250622-WA0137-scaled-64x114.webp 64w, https:\/\/marintextil.com\/wp-content\/uploads\/2025\/06\/IMG-20250622-WA0137-169x300.webp 169w, https:\/\/marintextil.com\/wp-content\/uploads\/2025\/06\/IMG-20250622-WA0137-768x1364.webp 768w, https:\/\/marintextil.com\/wp-content\/uploads\/2025\/06\/IMG-20250622-WA0137-865x1536.webp 865w, https:\/\/marintextil.com\/wp-content\/uploads\/2025\/06\/IMG-20250622-WA0137-1153x2048.webp 1153w, https:\/\/marintextil.com\/wp-content\/uploads\/2025\/06\/IMG-20250622-WA0137-scaled.webp 1441w\" sizes=\"(max-width: 577px) 100vw, 577px\" title=\"\">\t\t\t\t\t\t\t\t\t\t\t\t\t\t\t<\/div>\n\t\t\t\t<\/div>\n\t\t\t\t<\/div>\n\t\t\t\t<\/div>\n\t\t<div class=\"elementor-element elementor-element-0e15373 e-con-full e-flex wpr-particle-no wpr-jarallax-no wpr-parallax-no wpr-sticky-section-no wpr-equal-height-no e-con e-child\" data-id=\"0e15373\" data-element_type=\"container\" data-e-type=\"container\" data-settings=\"{&quot;ekit_has_onepagescroll_dot&quot;:&quot;yes&quot;}\">\n\t\t\t\t<div class=\"elementor-element elementor-element-29a94d5 elementor-invisible elementor-widget elementor-widget-heading\" data-id=\"29a94d5\" data-element_type=\"widget\" data-e-type=\"widget\" id=\"vasttrafik\" data-settings=\"{&quot;_animation&quot;:&quot;fadeIn&quot;,&quot;ekit_we_effect_on&quot;:&quot;none&quot;}\" data-widget_type=\"heading.default\">\n\t\t\t\t<div class=\"elementor-widget-container\">\n\t\t\t\t\t<h2 class=\"elementor-heading-title elementor-size-default\"><a href=\"https:\/\/www.vasttrafik.se\/\" target=\"_blank\" rel=\"noopener\">V\u00e4sttrafik - Samarbete<\/a><\/h2>\t\t\t\t<\/div>\n\t\t\t\t<\/div>\n\t\t\t\t<div class=\"elementor-element elementor-element-cb474dd elementor-invisible elementor-widget elementor-widget-text-editor\" data-id=\"cb474dd\" data-element_type=\"widget\" data-e-type=\"widget\" data-settings=\"{&quot;_animation&quot;:&quot;fadeIn&quot;,&quot;ekit_we_effect_on&quot;:&quot;none&quot;}\" data-widget_type=\"text-editor.default\">\n\t\t\t\t<div class=\"elementor-widget-container\">\n\t\t\t\t\t\t\t\t\t<p data-start=\"208\" data-end=\"503\">Marstrands Marintextil har haft \u00e4ran att samarbeta med V\u00e4sttrafik i arbetet med att f\u00f6rb\u00e4ttra komforten och h\u00e5llbarheten f\u00f6r f\u00f6rars\u00e4ten och passagerars\u00e4ten i kollektivtrafikens fordon. Vi ansvarar f\u00f6r b\u00e5de tillverkning, omkl\u00e4dsel och montering av skr\u00e4ddarsydda dynor \u2013 direkt p\u00e5 plats.<\/p><p data-start=\"505\" data-end=\"815\">V\u00e5rt uppdrag omfattar framf\u00f6r allt expressbussar av modellen MAN, d\u00e4r vi jobbar med bland annat linjerna X1, X2, X3 och X4. Vi fokuserar p\u00e5 att leverera ergonomiska och slitstarka dynor som klarar daglig anv\u00e4ndning och slitage, samtidigt som de erbjuder h\u00f6g komfort f\u00f6r b\u00e5de f\u00f6rare och passagerare.<\/p><p data-start=\"817\" data-end=\"984\">Vill du veta mer om v\u00e5ra specialanpassade textill\u00f6sningar f\u00f6r fordon eller \u00e4r intresserad av ett samarbete? <a href=\"https:\/\/marintextil.com\/kontakta-oss\/\">Kontakta oss<\/a> g\u00e4rna \u2013 vi hj\u00e4lper f\u00f6retag i hela Sverige.<\/p>\t\t\t\t\t\t\t\t<\/div>\n\t\t\t\t<\/div>\n\t\t\t\t<div class=\"elementor-element elementor-element-878f6ac elementor-invisible elementor-widget elementor-widget-heading\" data-id=\"878f6ac\" data-element_type=\"widget\" data-e-type=\"widget\" data-settings=\"{&quot;_animation&quot;:&quot;fadeIn&quot;,&quot;ekit_we_effect_on&quot;:&quot;none&quot;}\" data-widget_type=\"heading.default\">\n\t\t\t\t<div class=\"elementor-widget-container\">\n\t\t\t\t\t<h4 class=\"elementor-heading-title elementor-size-default\">Textill\u00f6sningar f\u00f6r f\u00f6rars\u00e4ten, passagerars\u00e4ten &amp; bussinredning<\/h4>\t\t\t\t<\/div>\n\t\t\t\t<\/div>\n\t\t\t\t<div class=\"elementor-element elementor-element-24dc46d elementor-invisible elementor-widget elementor-widget-text-editor\" data-id=\"24dc46d\" data-element_type=\"widget\" data-e-type=\"widget\" data-settings=\"{&quot;_animation&quot;:&quot;fadeIn&quot;,&quot;ekit_we_effect_on&quot;:&quot;none&quot;}\" data-widget_type=\"text-editor.default\">\n\t\t\t\t<div class=\"elementor-widget-container\">\n\t\t\t\t\t\t\t\t\t<p data-start=\"455\" data-end=\"827\">Hos Marstrands Marintextil har vi l\u00e5ng erfarenhet av att skapa h\u00e5llbara och funktionella textill\u00f6sningar f\u00f6r bussar, t\u00e5g, servicefordon och \u00f6vrig kollektivtrafik. V\u00e5ra tj\u00e4nster omfattar omkl\u00e4dsel av f\u00f6rars\u00e4ten, nytillverkning av passagerars\u00e4ten, ergonomiska sittdynor samt renovering av befintlig fordonsinredning \u2013 alltid m\u00e5ttanpassat efter f\u00f6retagets behov.<\/p><p data-start=\"829\" data-end=\"1084\">Vi anv\u00e4nder slitstarka och brands\u00e4kra tyger som uppfyller de h\u00f6ga krav som st\u00e4lls p\u00e5 offentlig milj\u00f6. Allt sys i v\u00e5r syatelj\u00e9 p\u00e5 v\u00e4stkusten och monteras vid behov direkt p\u00e5 plats hos f\u00f6retaget \u2013 oavsett om det g\u00e4ller enskilda fordon eller hela bussflottor.\u00a0<\/p>\t\t\t\t\t\t\t\t<\/div>\n\t\t\t\t<\/div>\n\t\t<div class=\"elementor-element elementor-element-3e497ae e-con-full e-flex wpr-particle-no wpr-jarallax-no wpr-parallax-no wpr-sticky-section-no wpr-equal-height-no e-con e-child\" data-id=\"3e497ae\" data-element_type=\"container\" data-e-type=\"container\" data-settings=\"{&quot;ekit_has_onepagescroll_dot&quot;:&quot;yes&quot;}\">\n\t\t<div class=\"elementor-element elementor-element-99f25b6 e-con-full e-flex wpr-particle-no wpr-jarallax-no wpr-parallax-no wpr-sticky-section-no wpr-equal-height-no e-con e-child\" data-id=\"99f25b6\" data-element_type=\"container\" data-e-type=\"container\" data-settings=\"{&quot;ekit_has_onepagescroll_dot&quot;:&quot;yes&quot;}\">\n\t\t\t\t<div class=\"elementor-element elementor-element-3b6a313 elementor-align-justify elementor-widget__width-initial elementor-widget elementor-widget-button\" data-id=\"3b6a313\" data-element_type=\"widget\" data-e-type=\"widget\" data-settings=\"{&quot;ekit_we_effect_on&quot;:&quot;none&quot;}\" data-widget_type=\"button.default\">\n\t\t\t\t<div class=\"elementor-widget-container\">\n\t\t\t\t\t\t\t\t\t<div class=\"elementor-button-wrapper\">\n\t\t\t\t\t<a class=\"elementor-button elementor-button-link elementor-size-sm\" href=\"https:\/\/marintextil.com\/sittdynor\/\">\n\t\t\t\t\t\t<span class=\"elementor-button-content-wrapper\">\n\t\t\t\t\t\t<span class=\"elementor-button-icon\">\n\t\t\t\t<i aria-hidden=\"true\" class=\" ti-info-alt\"><\/i>\t\t\t<\/span>\n\t\t\t\t\t\t\t\t\t<span class=\"elementor-button-text\">L\u00e4s mer om Sittdynor<\/span>\n\t\t\t\t\t<\/span>\n\t\t\t\t\t<\/a>\n\t\t\t\t<\/div>\n\t\t\t\t\t\t\t\t<\/div>\n\t\t\t\t<\/div>\n\t\t\t\t<\/div>\n\t\t<div class=\"elementor-element elementor-element-c88340d e-con-full e-flex wpr-particle-no wpr-jarallax-no wpr-parallax-no wpr-sticky-section-no wpr-equal-height-no e-con e-child\" data-id=\"c88340d\" data-element_type=\"container\" data-e-type=\"container\" data-settings=\"{&quot;ekit_has_onepagescroll_dot&quot;:&quot;yes&quot;}\">\n\t\t\t\t<div class=\"elementor-element elementor-element-ca1ad27 elementor-align-justify elementor-widget__width-initial elementor-widget elementor-widget-button\" data-id=\"ca1ad27\" data-element_type=\"widget\" data-e-type=\"widget\" data-settings=\"{&quot;ekit_we_effect_on&quot;:&quot;none&quot;}\" data-widget_type=\"button.default\">\n\t\t\t\t<div class=\"elementor-widget-container\">\n\t\t\t\t\t\t\t\t\t<div class=\"elementor-button-wrapper\">\n\t\t\t\t\t<a class=\"elementor-button elementor-button-link elementor-size-sm\" href=\"https:\/\/marintextil.com\/kontakta-oss\/\">\n\t\t\t\t\t\t<span class=\"elementor-button-content-wrapper\">\n\t\t\t\t\t\t\t\t\t<span class=\"elementor-button-text\">Kontakta Oss<\/span>\n\t\t\t\t\t<\/span>\n\t\t\t\t\t<\/a>\n\t\t\t\t<\/div>\n\t\t\t\t\t\t\t\t<\/div>\n\t\t\t\t<\/div>\n\t\t\t\t<\/div>\n\t\t\t\t<\/div>\n\t\t\t\t<\/div>\n\t\t\t\t\t<\/div>\n\t\t\t\t<\/div>\n\t\t<div class=\"elementor-element elementor-element-6cbf88d e-con-full e-flex wpr-particle-no wpr-jarallax-no wpr-parallax-no wpr-sticky-section-no wpr-equal-height-no e-con e-parent\" data-id=\"6cbf88d\" data-element_type=\"container\" data-e-type=\"container\" data-settings=\"{&quot;ekit_has_onepagescroll_dot&quot;:&quot;yes&quot;}\">\n\t\t\t\t<div class=\"elementor-element elementor-element-5256868 elementor-widget-divider--view-line elementor-widget elementor-widget-divider\" data-id=\"5256868\" data-element_type=\"widget\" data-e-type=\"widget\" data-settings=\"{&quot;ekit_we_effect_on&quot;:&quot;none&quot;}\" data-widget_type=\"divider.default\">\n\t\t\t\t<div class=\"elementor-widget-container\">\n\t\t\t\t\t\t\t<div class=\"elementor-divider\">\n\t\t\t<span class=\"elementor-divider-separator\">\n\t\t\t\t\t\t<\/span>\n\t\t<\/div>\n\t\t\t\t\t\t<\/div>\n\t\t\t\t<\/div>\n\t\t\t\t<\/div>\n\t\t<div class=\"elementor-element elementor-element-a71d486 e-flex e-con-boxed wpr-particle-no wpr-jarallax-no wpr-parallax-no wpr-sticky-section-no wpr-equal-height-no e-con e-parent\" data-id=\"a71d486\" data-element_type=\"container\" data-e-type=\"container\" data-settings=\"{&quot;ekit_has_onepagescroll_dot&quot;:&quot;yes&quot;}\">\n\t\t\t\t\t<div class=\"e-con-inner\">\n\t\t<div class=\"elementor-element elementor-element-ffa9f40 e-con-full e-flex wpr-particle-no wpr-jarallax-no wpr-parallax-no wpr-sticky-section-no wpr-equal-height-no e-con e-child\" data-id=\"ffa9f40\" data-element_type=\"container\" data-e-type=\"container\" data-settings=\"{&quot;ekit_has_onepagescroll_dot&quot;:&quot;yes&quot;}\">\n\t\t<div class=\"elementor-element elementor-element-887af3a e-con-full e-flex wpr-particle-no wpr-jarallax-no wpr-parallax-no wpr-sticky-section-no wpr-equal-height-no e-con e-child\" data-id=\"887af3a\" data-element_type=\"container\" data-e-type=\"container\" data-settings=\"{&quot;ekit_has_onepagescroll_dot&quot;:&quot;yes&quot;}\">\n\t\t\t\t<div class=\"elementor-element elementor-element-69b9fe3 elementor-invisible elementor-widget elementor-widget-image\" data-id=\"69b9fe3\" data-element_type=\"widget\" data-e-type=\"widget\" data-settings=\"{&quot;_animation&quot;:&quot;fadeIn&quot;,&quot;ekit_we_effect_on&quot;:&quot;none&quot;}\" data-widget_type=\"image.default\">\n\t\t\t\t<div class=\"elementor-widget-container\">\n\t\t\t\t\t\t\t\t\t\t\t\t\t\t\t<img loading=\"lazy\" decoding=\"async\" width=\"768\" height=\"1024\" src=\"https:\/\/marintextil.com\/wp-content\/uploads\/2025\/06\/IMG-20250615-WA0024-768x1024.webp\" class=\"attachment-large size-large wp-image-3666\" alt=\"Renoverad m\u00f6rkbl\u00e5 f\u00e5t\u00f6lj med slitstarkt hotelltyg \u2013 Marstrands Havshotell\" srcset=\"https:\/\/marintextil.com\/wp-content\/uploads\/2025\/06\/IMG-20250615-WA0024-768x1024.webp 768w, https:\/\/marintextil.com\/wp-content\/uploads\/2025\/06\/IMG-20250615-WA0024-scaled-600x800.webp 600w, https:\/\/marintextil.com\/wp-content\/uploads\/2025\/06\/IMG-20250615-WA0024-scaled-64x85.webp 64w, https:\/\/marintextil.com\/wp-content\/uploads\/2025\/06\/IMG-20250615-WA0024-225x300.webp 225w, https:\/\/marintextil.com\/wp-content\/uploads\/2025\/06\/IMG-20250615-WA0024-1152x1536.webp 1152w, https:\/\/marintextil.com\/wp-content\/uploads\/2025\/06\/IMG-20250615-WA0024-1536x2048.webp 1536w, https:\/\/marintextil.com\/wp-content\/uploads\/2025\/06\/IMG-20250615-WA0024-scaled.webp 1920w\" sizes=\"(max-width: 768px) 100vw, 768px\" title=\"\">\t\t\t\t\t\t\t\t\t\t\t\t\t\t\t<\/div>\n\t\t\t\t<\/div>\n\t\t\t\t<div class=\"elementor-element elementor-element-63d1652 elementor-widget__width-initial elementor-invisible elementor-widget elementor-widget-image\" data-id=\"63d1652\" data-element_type=\"widget\" data-e-type=\"widget\" data-settings=\"{&quot;_animation&quot;:&quot;fadeIn&quot;,&quot;ekit_we_effect_on&quot;:&quot;none&quot;}\" data-widget_type=\"image.default\">\n\t\t\t\t<div class=\"elementor-widget-container\">\n\t\t\t\t\t\t\t\t\t\t\t\t\t\t\t<img loading=\"lazy\" decoding=\"async\" width=\"1024\" height=\"478\" src=\"https:\/\/marintextil.com\/wp-content\/uploads\/2025\/06\/IMG-20250622-WA0155-1024x478.webp\" class=\"attachment-large size-large wp-image-3804\" alt=\"Hotellf\u00e5t\u00f6lj omkl\u00e4dd med stolsdyna \u2013 textilrenovering f\u00f6r Marstrands Havshotell\" srcset=\"https:\/\/marintextil.com\/wp-content\/uploads\/2025\/06\/IMG-20250622-WA0155-1024x478.webp 1024w, https:\/\/marintextil.com\/wp-content\/uploads\/2025\/06\/IMG-20250622-WA0155-scaled-600x280.webp 600w, https:\/\/marintextil.com\/wp-content\/uploads\/2025\/06\/IMG-20250622-WA0155-scaled-64x30.webp 64w, https:\/\/marintextil.com\/wp-content\/uploads\/2025\/06\/IMG-20250622-WA0155-300x140.webp 300w, https:\/\/marintextil.com\/wp-content\/uploads\/2025\/06\/IMG-20250622-WA0155-768x359.webp 768w, https:\/\/marintextil.com\/wp-content\/uploads\/2025\/06\/IMG-20250622-WA0155-1536x717.webp 1536w, https:\/\/marintextil.com\/wp-content\/uploads\/2025\/06\/IMG-20250622-WA0155-2048x956.webp 2048w\" sizes=\"(max-width: 1024px) 100vw, 1024px\" title=\"\">\t\t\t\t\t\t\t\t\t\t\t\t\t\t\t<\/div>\n\t\t\t\t<\/div>\n\t\t\t\t<div class=\"elementor-element elementor-element-c07f5b9 elementor-hidden-desktop elementor-invisible elementor-widget elementor-widget-image\" data-id=\"c07f5b9\" data-element_type=\"widget\" data-e-type=\"widget\" data-settings=\"{&quot;_animation&quot;:&quot;fadeIn&quot;,&quot;ekit_we_effect_on&quot;:&quot;none&quot;}\" data-widget_type=\"image.default\">\n\t\t\t\t<div class=\"elementor-widget-container\">\n\t\t\t\t\t\t\t\t\t\t\t\t\t\t\t<img loading=\"lazy\" decoding=\"async\" width=\"478\" height=\"1024\" src=\"https:\/\/marintextil.com\/wp-content\/uploads\/2025\/06\/IMG-20250622-WA0153-478x1024.webp\" class=\"attachment-large size-large wp-image-3806\" alt=\"Stoldynor med nytt tyg och stoppning f\u00f6r hotellrum\" srcset=\"https:\/\/marintextil.com\/wp-content\/uploads\/2025\/06\/IMG-20250622-WA0153-478x1024.webp 478w, https:\/\/marintextil.com\/wp-content\/uploads\/2025\/06\/IMG-20250622-WA0153-scaled-600x1284.webp 600w, https:\/\/marintextil.com\/wp-content\/uploads\/2025\/06\/IMG-20250622-WA0153-scaled-64x137.webp 64w, https:\/\/marintextil.com\/wp-content\/uploads\/2025\/06\/IMG-20250622-WA0153-140x300.webp 140w, https:\/\/marintextil.com\/wp-content\/uploads\/2025\/06\/IMG-20250622-WA0153-768x1645.webp 768w, https:\/\/marintextil.com\/wp-content\/uploads\/2025\/06\/IMG-20250622-WA0153-717x1536.webp 717w, https:\/\/marintextil.com\/wp-content\/uploads\/2025\/06\/IMG-20250622-WA0153-956x2048.webp 956w, https:\/\/marintextil.com\/wp-content\/uploads\/2025\/06\/IMG-20250622-WA0153-scaled.webp 1196w\" sizes=\"(max-width: 478px) 100vw, 478px\" title=\"\">\t\t\t\t\t\t\t\t\t\t\t\t\t\t\t<\/div>\n\t\t\t\t<\/div>\n\t\t\t\t<div class=\"elementor-element elementor-element-38bcabc elementor-hidden-desktop elementor-hidden-tablet elementor-widget elementor-widget-video\" data-id=\"38bcabc\" data-element_type=\"widget\" data-e-type=\"widget\" data-settings=\"{&quot;autoplay&quot;:&quot;yes&quot;,&quot;mute&quot;:&quot;yes&quot;,&quot;_animation_tablet&quot;:&quot;fadeIn&quot;,&quot;play_on_mobile&quot;:&quot;yes&quot;,&quot;video_type&quot;:&quot;hosted&quot;,&quot;ekit_we_effect_on&quot;:&quot;none&quot;}\" data-widget_type=\"video.default\">\n\t\t\t\t<div class=\"elementor-widget-container\">\n\t\t\t\t\t\t\t<div class=\"e-hosted-video elementor-wrapper elementor-open-inline\">\n\t\t\t\t\t<video class=\"elementor-video\" src=\"https:\/\/marintextil.com\/wp-content\/uploads\/2025\/08\/Marstrands-Havshotell-Stoldynor-Reperation.mp4\" autoplay=\"\" muted=\"muted\" playsinline=\"\" controlsList=\"nodownload\"><\/video>\n\t\t\t\t<\/div>\n\t\t\t\t\t\t<\/div>\n\t\t\t\t<\/div>\n\t\t\t\t<\/div>\n\t\t\t\t<\/div>\n\t\t<div class=\"elementor-element elementor-element-1a90797 e-con-full e-flex wpr-particle-no wpr-jarallax-no wpr-parallax-no wpr-sticky-section-no wpr-equal-height-no e-con e-child\" data-id=\"1a90797\" data-element_type=\"container\" data-e-type=\"container\" data-settings=\"{&quot;ekit_has_onepagescroll_dot&quot;:&quot;yes&quot;}\">\n\t\t\t\t<div class=\"elementor-element elementor-element-3c9f388 elementor-invisible elementor-widget elementor-widget-heading\" data-id=\"3c9f388\" data-element_type=\"widget\" data-e-type=\"widget\" id=\"marstrands-havshotell\" data-settings=\"{&quot;_animation&quot;:&quot;fadeIn&quot;,&quot;ekit_we_effect_on&quot;:&quot;none&quot;}\" data-widget_type=\"heading.default\">\n\t\t\t\t<div class=\"elementor-widget-container\">\n\t\t\t\t\t<h2 class=\"elementor-heading-title elementor-size-default\"><a href=\"https:\/\/marstrands.se\/\" target=\"_blank\" rel=\"noopener\">Marstrands Havshotell - Samarbete<\/a><\/h2>\t\t\t\t<\/div>\n\t\t\t\t<\/div>\n\t\t\t\t<div class=\"elementor-element elementor-element-c6ffc7c elementor-invisible elementor-widget elementor-widget-text-editor\" data-id=\"c6ffc7c\" data-element_type=\"widget\" data-e-type=\"widget\" data-settings=\"{&quot;_animation&quot;:&quot;fadeIn&quot;,&quot;ekit_we_effect_on&quot;:&quot;none&quot;}\" data-widget_type=\"text-editor.default\">\n\t\t\t\t<div class=\"elementor-widget-container\">\n\t\t\t\t\t\t\t\t\t<p data-start=\"318\" data-end=\"824\">P\u00e5 Marstrands Marintextil har vi haft n\u00f6jet att samarbeta med Marstrands Havshotell \u2013 ett uppdrag som visar v\u00e5r expertis inom hotelltextilier och skr\u00e4ddarsydd inredning. Vi har levererat och renoverat <a href=\"https:\/\/marintextil.com\/sittdynor\/\">stolar<\/a>, soffor, <a href=\"https:\/\/marintextil.com\/gardiner\/\">gardiner<\/a> och specialanpassade <a href=\"https:\/\/marintextil.com\/madrasser\/\">madrasser<\/a>, allt f\u00f6r att skapa en harmonisk och funktionell hotellmilj\u00f6 vid kusten. Med h\u00f6gkvalitativa tyger, brandh\u00e4mmande textilier och moderna designl\u00f6sningar ser vi till att varje produkt h\u00e5ller f\u00f6r daglig anv\u00e4ndning och speglar hotellets exklusiva profil.<\/p><p data-start=\"826\" data-end=\"1117\">Vi arbetar med designanpassning, \u00e5terbruk av stommar och nyproduktion av hotelltextilier direkt i v\u00e5r syatelj\u00e9 i Kung\u00e4lv, och monterar \u00e4ven p\u00e5 plats vid behov. Letar du efter en erfaren partner inom textilservice f\u00f6r hotell, spa och restaurang? D\u00e5 \u00e4r du varmt v\u00e4lkommen att <a href=\"https:\/\/marintextil.com\/kontakta-oss\/\">kontakta oss.<\/a><\/p>\t\t\t\t\t\t\t\t<\/div>\n\t\t\t\t<\/div>\n\t\t\t\t<div class=\"elementor-element elementor-element-73b7a51 elementor-invisible elementor-widget elementor-widget-heading\" data-id=\"73b7a51\" data-element_type=\"widget\" data-e-type=\"widget\" data-settings=\"{&quot;_animation&quot;:&quot;fadeIn&quot;,&quot;ekit_we_effect_on&quot;:&quot;none&quot;}\" data-widget_type=\"heading.default\">\n\t\t\t\t<div class=\"elementor-widget-container\">\n\t\t\t\t\t<h4 class=\"elementor-heading-title elementor-size-default\">Vad vi gjorde f\u00f6r Marstrands Havshotell<\/h4>\t\t\t\t<\/div>\n\t\t\t\t<\/div>\n\t\t\t\t<div class=\"elementor-element elementor-element-307acb7 elementor-icon-list--layout-traditional elementor-list-item-link-full_width elementor-widget elementor-widget-icon-list\" data-id=\"307acb7\" data-element_type=\"widget\" data-e-type=\"widget\" data-settings=\"{&quot;ekit_we_effect_on&quot;:&quot;none&quot;}\" data-widget_type=\"icon-list.default\">\n\t\t\t\t<div class=\"elementor-widget-container\">\n\t\t\t\t\t\t\t<ul class=\"elementor-icon-list-items\">\n\t\t\t\t\t\t\t<li class=\"elementor-icon-list-item\">\n\t\t\t\t\t\t\t\t\t\t\t<span class=\"elementor-icon-list-icon\">\n\t\t\t\t\t\t\t<i aria-hidden=\"true\" class=\"mdi mdi-checkbox-blank-circle-outline\"><\/i>\t\t\t\t\t\t<\/span>\n\t\t\t\t\t\t\t\t\t\t<span class=\"elementor-icon-list-text\">Renovering av f\u00e5t\u00f6ljer och stolar med nya tyger och stoppning<\/span>\n\t\t\t\t\t\t\t\t\t<\/li>\n\t\t\t\t\t\t\t\t<li class=\"elementor-icon-list-item\">\n\t\t\t\t\t\t\t\t\t\t\t<span class=\"elementor-icon-list-icon\">\n\t\t\t\t\t\t\t<i aria-hidden=\"true\" class=\"mdi mdi-checkbox-blank-circle-outline\"><\/i>\t\t\t\t\t\t<\/span>\n\t\t\t\t\t\t\t\t\t\t<span class=\"elementor-icon-list-text\">S\u00f6mnad och montering av gardiner i specialm\u00e5tt<\/span>\n\t\t\t\t\t\t\t\t\t<\/li>\n\t\t\t\t\t\t\t\t<li class=\"elementor-icon-list-item\">\n\t\t\t\t\t\t\t\t\t\t\t<span class=\"elementor-icon-list-icon\">\n\t\t\t\t\t\t\t<i aria-hidden=\"true\" class=\"mdi mdi-checkbox-blank-circle-outline\"><\/i>\t\t\t\t\t\t<\/span>\n\t\t\t\t\t\t\t\t\t\t<span class=\"elementor-icon-list-text\">Tillverkning av madrasser och dynor till hotellrum och relaxomr\u00e5den<\/span>\n\t\t\t\t\t\t\t\t\t<\/li>\n\t\t\t\t\t\t\t\t<li class=\"elementor-icon-list-item\">\n\t\t\t\t\t\t\t\t\t\t\t<span class=\"elementor-icon-list-icon\">\n\t\t\t\t\t\t\t<i aria-hidden=\"true\" class=\"mdi mdi-checkbox-blank-circle-outline\"><\/i>\t\t\t\t\t\t<\/span>\n\t\t\t\t\t\t\t\t\t\t<span class=\"elementor-icon-list-text\">Textilval i samr\u00e5d med f\u00f6retaget \u2013 vatten- och brands\u00e4kra tyger<\/span>\n\t\t\t\t\t\t\t\t\t<\/li>\n\t\t\t\t\t\t\t\t<li class=\"elementor-icon-list-item\">\n\t\t\t\t\t\t\t\t\t\t\t<span class=\"elementor-icon-list-icon\">\n\t\t\t\t\t\t\t<i aria-hidden=\"true\" class=\"mdi mdi-checkbox-blank-circle-outline\"><\/i>\t\t\t\t\t\t<\/span>\n\t\t\t\t\t\t\t\t\t\t<span class=\"elementor-icon-list-text\">B\u00e4ttre h\u00e5llbarhet, stil och k\u00e4nsla i hotellets interi\u00f6r<\/span>\n\t\t\t\t\t\t\t\t\t<\/li>\n\t\t\t\t\t\t<\/ul>\n\t\t\t\t\t\t<\/div>\n\t\t\t\t<\/div>\n\t\t\t\t<div class=\"elementor-element elementor-element-03477e8 elementor-invisible elementor-widget elementor-widget-heading\" data-id=\"03477e8\" data-element_type=\"widget\" data-e-type=\"widget\" data-settings=\"{&quot;_animation&quot;:&quot;fadeIn&quot;,&quot;ekit_we_effect_on&quot;:&quot;none&quot;}\" data-widget_type=\"heading.default\">\n\t\t\t\t<div class=\"elementor-widget-container\">\n\t\t\t\t\t<h4 class=\"elementor-heading-title elementor-size-default\">Vad erbjuder vi som Marstrands Marintextil?<\/h4>\t\t\t\t<\/div>\n\t\t\t\t<\/div>\n\t\t\t\t<div class=\"elementor-element elementor-element-b2aba40 elementor-invisible elementor-widget elementor-widget-text-editor\" data-id=\"b2aba40\" data-element_type=\"widget\" data-e-type=\"widget\" data-settings=\"{&quot;_animation&quot;:&quot;fadeIn&quot;,&quot;ekit_we_effect_on&quot;:&quot;none&quot;}\" data-widget_type=\"text-editor.default\">\n\t\t\t\t<div class=\"elementor-widget-container\">\n\t\t\t\t\t\t\t\t\t<p data-start=\"1538\" data-end=\"1861\">Vi erbjuder skr\u00e4ddarsydd textilservice f\u00f6r hotell, restauranger och spa \u00f6ver hela Sverige. V\u00e5ra tj\u00e4nster inom m\u00f6belrenovering, gardins\u00f6mnad och dynproduktion utf\u00f6rs med fokus p\u00e5 h\u00e5llbarhet och design. Alla textilprojekt anpassas efter era behov, fr\u00e5n enskilda stolsdynor till kompletta inredningsl\u00f6sningar.<\/p><p data-start=\"1863\" data-end=\"2131\">Marstrands Havshotell \u00e4r ett bra exempel p\u00e5 hur vi kombinerar hantverk med funktion, genom att skapa t\u00e5liga och estetiskt tilltalande l\u00f6sningar i offentlig milj\u00f6. V\u00e5ra material \u00e4r valda f\u00f6r att t\u00e5la frekvent anv\u00e4ndning.<\/p>\t\t\t\t\t\t\t\t<\/div>\n\t\t\t\t<\/div>\n\t\t<div class=\"elementor-element elementor-element-be868e2 e-con-full e-flex wpr-particle-no wpr-jarallax-no wpr-parallax-no wpr-sticky-section-no wpr-equal-height-no e-con e-child\" data-id=\"be868e2\" data-element_type=\"container\" data-e-type=\"container\" data-settings=\"{&quot;ekit_has_onepagescroll_dot&quot;:&quot;yes&quot;}\">\n\t\t<div class=\"elementor-element elementor-element-3790e72 e-con-full e-flex wpr-particle-no wpr-jarallax-no wpr-parallax-no wpr-sticky-section-no wpr-equal-height-no e-con e-child\" data-id=\"3790e72\" data-element_type=\"container\" data-e-type=\"container\" data-settings=\"{&quot;ekit_has_onepagescroll_dot&quot;:&quot;yes&quot;}\">\n\t\t\t\t<div class=\"elementor-element elementor-element-22dd975 elementor-align-justify elementor-widget__width-initial elementor-widget elementor-widget-button\" data-id=\"22dd975\" data-element_type=\"widget\" data-e-type=\"widget\" data-settings=\"{&quot;ekit_we_effect_on&quot;:&quot;none&quot;}\" data-widget_type=\"button.default\">\n\t\t\t\t<div class=\"elementor-widget-container\">\n\t\t\t\t\t\t\t\t\t<div class=\"elementor-button-wrapper\">\n\t\t\t\t\t<a class=\"elementor-button elementor-button-link elementor-size-sm\" href=\"https:\/\/marintextil.com\/ovriga-tjanster\/\">\n\t\t\t\t\t\t<span class=\"elementor-button-content-wrapper\">\n\t\t\t\t\t\t<span class=\"elementor-button-icon\">\n\t\t\t\t<i aria-hidden=\"true\" class=\" ti-info-alt\"><\/i>\t\t\t<\/span>\n\t\t\t\t\t\t\t\t\t<span class=\"elementor-button-text\">L\u00e4s mer om \u00d6vriga Tj\u00e4nster<\/span>\n\t\t\t\t\t<\/span>\n\t\t\t\t\t<\/a>\n\t\t\t\t<\/div>\n\t\t\t\t\t\t\t\t<\/div>\n\t\t\t\t<\/div>\n\t\t\t\t<\/div>\n\t\t<div class=\"elementor-element elementor-element-fc047fd e-con-full e-flex wpr-particle-no wpr-jarallax-no wpr-parallax-no wpr-sticky-section-no wpr-equal-height-no e-con e-child\" data-id=\"fc047fd\" data-element_type=\"container\" data-e-type=\"container\" data-settings=\"{&quot;ekit_has_onepagescroll_dot&quot;:&quot;yes&quot;}\">\n\t\t\t\t<div class=\"elementor-element elementor-element-ff31824 elementor-align-justify elementor-widget__width-initial elementor-widget elementor-widget-button\" data-id=\"ff31824\" data-element_type=\"widget\" data-e-type=\"widget\" data-settings=\"{&quot;ekit_we_effect_on&quot;:&quot;none&quot;}\" data-widget_type=\"button.default\">\n\t\t\t\t<div class=\"elementor-widget-container\">\n\t\t\t\t\t\t\t\t\t<div class=\"elementor-button-wrapper\">\n\t\t\t\t\t<a class=\"elementor-button elementor-button-link elementor-size-sm\" href=\"https:\/\/marintextil.com\/kontakta-oss\/\">\n\t\t\t\t\t\t<span class=\"elementor-button-content-wrapper\">\n\t\t\t\t\t\t\t\t\t<span class=\"elementor-button-text\">Kontakta Oss<\/span>\n\t\t\t\t\t<\/span>\n\t\t\t\t\t<\/a>\n\t\t\t\t<\/div>\n\t\t\t\t\t\t\t\t<\/div>\n\t\t\t\t<\/div>\n\t\t\t\t<\/div>\n\t\t\t\t<\/div>\n\t\t\t\t<\/div>\n\t\t\t\t\t<\/div>\n\t\t\t\t<\/div>\n\t\t<div class=\"elementor-element elementor-element-04c06d8 e-con-full e-flex wpr-particle-no wpr-jarallax-no wpr-parallax-no wpr-sticky-section-no wpr-equal-height-no e-con e-parent\" data-id=\"04c06d8\" data-element_type=\"container\" data-e-type=\"container\" data-settings=\"{&quot;ekit_has_onepagescroll_dot&quot;:&quot;yes&quot;}\">\n\t\t\t\t<div class=\"elementor-element elementor-element-7da3f5a elementor-widget-divider--view-line elementor-widget elementor-widget-divider\" data-id=\"7da3f5a\" data-element_type=\"widget\" data-e-type=\"widget\" data-settings=\"{&quot;ekit_we_effect_on&quot;:&quot;none&quot;}\" data-widget_type=\"divider.default\">\n\t\t\t\t<div class=\"elementor-widget-container\">\n\t\t\t\t\t\t\t<div class=\"elementor-divider\">\n\t\t\t<span class=\"elementor-divider-separator\">\n\t\t\t\t\t\t<\/span>\n\t\t<\/div>\n\t\t\t\t\t\t<\/div>\n\t\t\t\t<\/div>\n\t\t\t\t<\/div>\n\t\t<div class=\"elementor-element elementor-element-b583534 e-flex e-con-boxed wpr-particle-no wpr-jarallax-no wpr-parallax-no wpr-sticky-section-no wpr-equal-height-no e-con e-parent\" data-id=\"b583534\" data-element_type=\"container\" data-e-type=\"container\" data-settings=\"{&quot;ekit_has_onepagescroll_dot&quot;:&quot;yes&quot;}\">\n\t\t\t\t\t<div class=\"e-con-inner\">\n\t\t<div class=\"elementor-element elementor-element-42d360f e-con-full e-flex wpr-particle-no wpr-jarallax-no wpr-parallax-no wpr-sticky-section-no wpr-equal-height-no e-con e-child\" data-id=\"42d360f\" data-element_type=\"container\" data-e-type=\"container\" data-settings=\"{&quot;ekit_has_onepagescroll_dot&quot;:&quot;yes&quot;}\">\n\t\t<div class=\"elementor-element elementor-element-ab96c8b e-con-full e-flex wpr-particle-no wpr-jarallax-no wpr-parallax-no wpr-sticky-section-no wpr-equal-height-no e-con e-child\" data-id=\"ab96c8b\" data-element_type=\"container\" data-e-type=\"container\" data-settings=\"{&quot;ekit_has_onepagescroll_dot&quot;:&quot;yes&quot;}\">\n\t\t\t\t<div class=\"elementor-element elementor-element-152c13f elementor-invisible elementor-widget elementor-widget-image\" data-id=\"152c13f\" data-element_type=\"widget\" data-e-type=\"widget\" data-settings=\"{&quot;_animation&quot;:&quot;fadeIn&quot;,&quot;ekit_we_effect_on&quot;:&quot;none&quot;}\" data-widget_type=\"image.default\">\n\t\t\t\t<div class=\"elementor-widget-container\">\n\t\t\t\t\t\t\t\t\t\t\t\t\t\t\t<img loading=\"lazy\" decoding=\"async\" width=\"768\" height=\"1024\" src=\"https:\/\/marintextil.com\/wp-content\/uploads\/2025\/06\/IMG-20250622-WA0175-768x1024.webp\" class=\"attachment-large size-large wp-image-3821\" alt=\"Barpallar med ny kl\u00e4dsel \u2013 textilrenovering hos Burger King restaurang\" srcset=\"https:\/\/marintextil.com\/wp-content\/uploads\/2025\/06\/IMG-20250622-WA0175-768x1024.webp 768w, https:\/\/marintextil.com\/wp-content\/uploads\/2025\/06\/IMG-20250622-WA0175-scaled-600x800.webp 600w, https:\/\/marintextil.com\/wp-content\/uploads\/2025\/06\/IMG-20250622-WA0175-scaled-64x85.webp 64w, https:\/\/marintextil.com\/wp-content\/uploads\/2025\/06\/IMG-20250622-WA0175-225x300.webp 225w, https:\/\/marintextil.com\/wp-content\/uploads\/2025\/06\/IMG-20250622-WA0175-1152x1536.webp 1152w, https:\/\/marintextil.com\/wp-content\/uploads\/2025\/06\/IMG-20250622-WA0175-1536x2048.webp 1536w, https:\/\/marintextil.com\/wp-content\/uploads\/2025\/06\/IMG-20250622-WA0175-scaled.webp 1920w\" sizes=\"(max-width: 768px) 100vw, 768px\" title=\"\">\t\t\t\t\t\t\t\t\t\t\t\t\t\t\t<\/div>\n\t\t\t\t<\/div>\n\t\t\t\t<div class=\"elementor-element elementor-element-7930f8c elementor-hidden-desktop elementor-invisible elementor-widget elementor-widget-image\" data-id=\"7930f8c\" data-element_type=\"widget\" data-e-type=\"widget\" data-settings=\"{&quot;_animation&quot;:&quot;fadeIn&quot;,&quot;ekit_we_effect_on&quot;:&quot;none&quot;}\" data-widget_type=\"image.default\">\n\t\t\t\t<div class=\"elementor-widget-container\">\n\t\t\t\t\t\t\t\t\t\t\t\t\t\t\t<img loading=\"lazy\" decoding=\"async\" width=\"1024\" height=\"768\" src=\"https:\/\/marintextil.com\/wp-content\/uploads\/2025\/06\/IMG-20250622-WA0174-1024x768.webp\" class=\"attachment-large size-large wp-image-3822\" alt=\"\" srcset=\"https:\/\/marintextil.com\/wp-content\/uploads\/2025\/06\/IMG-20250622-WA0174-1024x768.webp 1024w, https:\/\/marintextil.com\/wp-content\/uploads\/2025\/06\/IMG-20250622-WA0174-scaled-600x450.webp 600w, https:\/\/marintextil.com\/wp-content\/uploads\/2025\/06\/IMG-20250622-WA0174-scaled-64x48.webp 64w, https:\/\/marintextil.com\/wp-content\/uploads\/2025\/06\/IMG-20250622-WA0174-300x225.webp 300w, https:\/\/marintextil.com\/wp-content\/uploads\/2025\/06\/IMG-20250622-WA0174-768x576.webp 768w, https:\/\/marintextil.com\/wp-content\/uploads\/2025\/06\/IMG-20250622-WA0174-1536x1152.webp 1536w, https:\/\/marintextil.com\/wp-content\/uploads\/2025\/06\/IMG-20250622-WA0174-2048x1536.webp 2048w\" sizes=\"(max-width: 1024px) 100vw, 1024px\" title=\"\">\t\t\t\t\t\t\t\t\t\t\t\t\t\t\t<\/div>\n\t\t\t\t<\/div>\n\t\t\t\t<div class=\"elementor-element elementor-element-f145b04 elementor-hidden-desktop elementor-invisible elementor-widget elementor-widget-image\" data-id=\"f145b04\" data-element_type=\"widget\" data-e-type=\"widget\" data-settings=\"{&quot;_animation&quot;:&quot;fadeIn&quot;,&quot;ekit_we_effect_on&quot;:&quot;none&quot;}\" data-widget_type=\"image.default\">\n\t\t\t\t<div class=\"elementor-widget-container\">\n\t\t\t\t\t\t\t\t\t\t\t\t\t\t\t<img loading=\"lazy\" decoding=\"async\" width=\"501\" height=\"1024\" src=\"https:\/\/marintextil.com\/wp-content\/uploads\/2025\/06\/IMG-20250622-WA0112-scaled-e1753404306788-501x1024.webp\" class=\"attachment-large size-large wp-image-3757\" alt=\"\" srcset=\"https:\/\/marintextil.com\/wp-content\/uploads\/2025\/06\/IMG-20250622-WA0112-scaled-e1753404306788-501x1024.webp 501w, https:\/\/marintextil.com\/wp-content\/uploads\/2025\/06\/IMG-20250622-WA0112-scaled-e1753404306788-600x1227.webp 600w, https:\/\/marintextil.com\/wp-content\/uploads\/2025\/06\/IMG-20250622-WA0112-scaled-e1753404306788-64x131.webp 64w, https:\/\/marintextil.com\/wp-content\/uploads\/2025\/06\/IMG-20250622-WA0112-scaled-e1753404306788-147x300.webp 147w, https:\/\/marintextil.com\/wp-content\/uploads\/2025\/06\/IMG-20250622-WA0112-scaled-e1753404306788-768x1571.webp 768w, https:\/\/marintextil.com\/wp-content\/uploads\/2025\/06\/IMG-20250622-WA0112-scaled-e1753404306788-751x1536.webp 751w, https:\/\/marintextil.com\/wp-content\/uploads\/2025\/06\/IMG-20250622-WA0112-scaled-e1753404306788-6x12.webp 6w, https:\/\/marintextil.com\/wp-content\/uploads\/2025\/06\/IMG-20250622-WA0112-scaled-e1753404306788.webp 924w\" sizes=\"(max-width: 501px) 100vw, 501px\" title=\"\">\t\t\t\t\t\t\t\t\t\t\t\t\t\t\t<\/div>\n\t\t\t\t<\/div>\n\t\t\t\t<div class=\"elementor-element elementor-element-858d0c5 elementor-invisible elementor-widget elementor-widget-image\" data-id=\"858d0c5\" data-element_type=\"widget\" data-e-type=\"widget\" data-settings=\"{&quot;_animation&quot;:&quot;fadeIn&quot;,&quot;ekit_we_effect_on&quot;:&quot;none&quot;}\" data-widget_type=\"image.default\">\n\t\t\t\t<div class=\"elementor-widget-container\">\n\t\t\t\t\t\t\t\t\t\t\t\t\t\t\t<img loading=\"lazy\" decoding=\"async\" width=\"1024\" height=\"685\" src=\"https:\/\/marintextil.com\/wp-content\/uploads\/2025\/06\/IMG-20250622-WA0049-scaled-e1753393561233-1024x685.webp\" class=\"attachment-large size-large wp-image-3695\" alt=\"\" srcset=\"https:\/\/marintextil.com\/wp-content\/uploads\/2025\/06\/IMG-20250622-WA0049-scaled-e1753393561233-1024x685.webp 1024w, https:\/\/marintextil.com\/wp-content\/uploads\/2025\/06\/IMG-20250622-WA0049-scaled-e1753393561233-600x401.webp 600w, https:\/\/marintextil.com\/wp-content\/uploads\/2025\/06\/IMG-20250622-WA0049-scaled-e1753393561233-64x43.webp 64w, https:\/\/marintextil.com\/wp-content\/uploads\/2025\/06\/IMG-20250622-WA0049-scaled-e1753393561233-300x201.webp 300w, https:\/\/marintextil.com\/wp-content\/uploads\/2025\/06\/IMG-20250622-WA0049-scaled-e1753393561233-768x514.webp 768w, https:\/\/marintextil.com\/wp-content\/uploads\/2025\/06\/IMG-20250622-WA0049-scaled-e1753393561233-1536x1028.webp 1536w, https:\/\/marintextil.com\/wp-content\/uploads\/2025\/06\/IMG-20250622-WA0049-scaled-e1753393561233-2048x1370.webp 2048w, https:\/\/marintextil.com\/wp-content\/uploads\/2025\/06\/IMG-20250622-WA0049-scaled-e1753393561233-18x12.webp 18w\" sizes=\"(max-width: 1024px) 100vw, 1024px\" title=\"\">\t\t\t\t\t\t\t\t\t\t\t\t\t\t\t<\/div>\n\t\t\t\t<\/div>\n\t\t\t\t<\/div>\n\t\t\t\t<\/div>\n\t\t<div class=\"elementor-element elementor-element-1c75073 e-con-full e-flex wpr-particle-no wpr-jarallax-no wpr-parallax-no wpr-sticky-section-no wpr-equal-height-no e-con e-child\" data-id=\"1c75073\" data-element_type=\"container\" data-e-type=\"container\" data-settings=\"{&quot;ekit_has_onepagescroll_dot&quot;:&quot;yes&quot;}\">\n\t\t\t\t<div class=\"elementor-element elementor-element-5cab028 elementor-invisible elementor-widget elementor-widget-heading\" data-id=\"5cab028\" data-element_type=\"widget\" data-e-type=\"widget\" id=\"burger\" data-settings=\"{&quot;_animation&quot;:&quot;fadeIn&quot;,&quot;ekit_we_effect_on&quot;:&quot;none&quot;}\" data-widget_type=\"heading.default\">\n\t\t\t\t<div class=\"elementor-widget-container\">\n\t\t\t\t\t<h2 class=\"elementor-heading-title elementor-size-default\"><a href=\"https:\/\/burgerking.se\/\" target=\"_blank\" rel=\"noopener\">Burger King - Samarbete<\/a><\/h2>\t\t\t\t<\/div>\n\t\t\t\t<\/div>\n\t\t\t\t<div class=\"elementor-element elementor-element-90ec1da elementor-invisible elementor-widget elementor-widget-text-editor\" data-id=\"90ec1da\" data-element_type=\"widget\" data-e-type=\"widget\" data-settings=\"{&quot;_animation&quot;:&quot;fadeIn&quot;,&quot;ekit_we_effect_on&quot;:&quot;none&quot;}\" data-widget_type=\"text-editor.default\">\n\t\t\t\t<div class=\"elementor-widget-container\">\n\t\t\t\t\t\t\t\t\t<p data-start=\"428\" data-end=\"809\">Marstrands Marintextil har genomf\u00f6rt ett flertal uppdrag \u00e5t Burger King i V\u00e4stra G\u00f6taland, d\u00e4r vi ansvarat f\u00f6r omkl\u00e4dsel av sittdynor, renovering av soffdynor och textilf\u00f6rb\u00e4ttringar i restaurangens interi\u00f6r. V\u00e5rt arbete fokuserar p\u00e5 att f\u00f6rnya sliten inredning med specialsydda dynor, h\u00e5llbara tyger och material som klarar daglig anv\u00e4ndning i offentlig milj\u00f6.<\/p><p data-start=\"811\" data-end=\"1169\">Att k\u00f6pa nya restaurangm\u00f6bler \u00e4r ofta en kostsam investering \u2013 d\u00e4rf\u00f6r erbjuder vi textilrenovering i G\u00f6teborg med fokus p\u00e5 milj\u00f6v\u00e4nliga alternativ och kostnadseffektiva l\u00f6sningar. Vi h\u00e4mtar, kl\u00e4r om och levererar dynor anpassade efter varje restaurangs designprofil och behov, och vi anv\u00e4nder slitstarka tyger som t\u00e5l fukt, slitage och reng\u00f6ring.<\/p><p data-start=\"1171\" data-end=\"1369\">Med v\u00e5ra skr\u00e4ddarsydda l\u00f6sningar inom m\u00f6beltapetsering f\u00f6r f\u00f6retag, f\u00e5r kedjor som Burger King b\u00e5de f\u00f6rb\u00e4ttrad komfort och ett visuellt uppdaterat intryck \u2013 utan att byta ut hela m\u00f6bler.<\/p><p data-start=\"1371\" data-end=\"1618\">S\u00f6ker du en p\u00e5litlig partner inom dynrenovering f\u00f6r restaurang eller textilservice f\u00f6r offentlig milj\u00f6? <a href=\"https:\/\/marintextil.com\/kontakta-oss\/\">Kontakta Marstrands Marintextil<\/a> \u2013 vi levererar alltid h\u00f6gkvalitativa och m\u00e5ttbest\u00e4llda textill\u00f6sningar till f\u00f6retag i hela Sverige.<\/p>\t\t\t\t\t\t\t\t<\/div>\n\t\t\t\t<\/div>\n\t\t\t\t<div class=\"elementor-element elementor-element-5bfeb92 elementor-invisible elementor-widget elementor-widget-heading\" data-id=\"5bfeb92\" data-element_type=\"widget\" data-e-type=\"widget\" data-settings=\"{&quot;_animation&quot;:&quot;fadeIn&quot;,&quot;ekit_we_effect_on&quot;:&quot;none&quot;}\" data-widget_type=\"heading.default\">\n\t\t\t\t<div class=\"elementor-widget-container\">\n\t\t\t\t\t<h4 class=\"elementor-heading-title elementor-size-default\">Textill\u00f6sningar f\u00f6r restauranger, kedjor &amp; offentlig milj\u00f6<\/h4>\t\t\t\t<\/div>\n\t\t\t\t<\/div>\n\t\t\t\t<div class=\"elementor-element elementor-element-f473ea7 elementor-invisible elementor-widget elementor-widget-text-editor\" data-id=\"f473ea7\" data-element_type=\"widget\" data-e-type=\"widget\" data-settings=\"{&quot;_animation&quot;:&quot;fadeIn&quot;,&quot;ekit_we_effect_on&quot;:&quot;none&quot;}\" data-widget_type=\"text-editor.default\">\n\t\t\t\t<div class=\"elementor-widget-container\">\n\t\t\t\t\t\t\t\t\t<p data-start=\"527\" data-end=\"862\">Marstrands Marintextil \u00e4r specialister p\u00e5 textilrenovering f\u00f6r restaurangmilj\u00f6er \u2013 vi erbjuder omkl\u00e4dsel av <a href=\"https:\/\/marintextil.com\/sittdynor\/\">sittdynor<\/a>, soffdynor och annan m\u00f6beltapetsering f\u00f6r snabbmatskedjor som Burger King. V\u00e5ra tj\u00e4nster \u00e4r perfekta f\u00f6r restauranger som vill fr\u00e4scha upp sin inredning utan att beh\u00f6va investera i helt nya m\u00f6bler.<\/p><p data-start=\"864\" data-end=\"1160\">Vi anv\u00e4nder alltid slitstarka och tv\u00e4ttbara tyger som t\u00e5l daglig anv\u00e4ndning, fukt, fett och reng\u00f6ringsmedel \u2013 vilket g\u00f6r v\u00e5ra l\u00f6sningar b\u00e5de h\u00e5llbara och kostnadseffektiva. Allt sys m\u00e5ttanpassat i v\u00e5r syatelj\u00e9 p\u00e5 v\u00e4stkusten och kan levereras eller monteras direkt p\u00e5 plats i hela Sverige.<\/p><p data-start=\"1162\" data-end=\"1353\">Letar du efter sittdynor till restaurang, kl\u00e4dsel till soffor f\u00f6r offentliga milj\u00f6er, eller textiltj\u00e4nster till kedja? <a href=\"https:\/\/marintextil.com\/kontakta-oss\/\">Kontakta oss<\/a> \u2013 vi hj\u00e4lper dig med b\u00e5de komfort och utseende.<\/p>\t\t\t\t\t\t\t\t<\/div>\n\t\t\t\t<\/div>\n\t\t<div class=\"elementor-element elementor-element-ad95780 e-con-full e-flex wpr-particle-no wpr-jarallax-no wpr-parallax-no wpr-sticky-section-no wpr-equal-height-no e-con e-child\" data-id=\"ad95780\" data-element_type=\"container\" data-e-type=\"container\" data-settings=\"{&quot;ekit_has_onepagescroll_dot&quot;:&quot;yes&quot;}\">\n\t\t<div class=\"elementor-element elementor-element-31ff6ed e-con-full e-flex wpr-particle-no wpr-jarallax-no wpr-parallax-no wpr-sticky-section-no wpr-equal-height-no e-con e-child\" data-id=\"31ff6ed\" data-element_type=\"container\" data-e-type=\"container\" data-settings=\"{&quot;ekit_has_onepagescroll_dot&quot;:&quot;yes&quot;}\">\n\t\t\t\t<div class=\"elementor-element elementor-element-c3ade2b elementor-align-justify elementor-widget__width-initial elementor-widget elementor-widget-button\" data-id=\"c3ade2b\" data-element_type=\"widget\" data-e-type=\"widget\" data-settings=\"{&quot;ekit_we_effect_on&quot;:&quot;none&quot;}\" data-widget_type=\"button.default\">\n\t\t\t\t<div class=\"elementor-widget-container\">\n\t\t\t\t\t\t\t\t\t<div class=\"elementor-button-wrapper\">\n\t\t\t\t\t<a class=\"elementor-button elementor-button-link elementor-size-sm\" href=\"https:\/\/marintextil.com\/sittdynor\/\">\n\t\t\t\t\t\t<span class=\"elementor-button-content-wrapper\">\n\t\t\t\t\t\t<span class=\"elementor-button-icon\">\n\t\t\t\t<i aria-hidden=\"true\" class=\" ti-info-alt\"><\/i>\t\t\t<\/span>\n\t\t\t\t\t\t\t\t\t<span class=\"elementor-button-text\">L\u00e4s mer om Sittdynor<\/span>\n\t\t\t\t\t<\/span>\n\t\t\t\t\t<\/a>\n\t\t\t\t<\/div>\n\t\t\t\t\t\t\t\t<\/div>\n\t\t\t\t<\/div>\n\t\t\t\t<\/div>\n\t\t<div class=\"elementor-element elementor-element-b70c3e8 e-con-full e-flex wpr-particle-no wpr-jarallax-no wpr-parallax-no wpr-sticky-section-no wpr-equal-height-no e-con e-child\" data-id=\"b70c3e8\" data-element_type=\"container\" data-e-type=\"container\" data-settings=\"{&quot;ekit_has_onepagescroll_dot&quot;:&quot;yes&quot;}\">\n\t\t\t\t<div class=\"elementor-element elementor-element-6f75c23 elementor-align-justify elementor-widget__width-initial elementor-widget elementor-widget-button\" data-id=\"6f75c23\" data-element_type=\"widget\" data-e-type=\"widget\" data-settings=\"{&quot;ekit_we_effect_on&quot;:&quot;none&quot;}\" data-widget_type=\"button.default\">\n\t\t\t\t<div class=\"elementor-widget-container\">\n\t\t\t\t\t\t\t\t\t<div class=\"elementor-button-wrapper\">\n\t\t\t\t\t<a class=\"elementor-button elementor-button-link elementor-size-sm\" href=\"https:\/\/marintextil.com\/kontakta-oss\/\">\n\t\t\t\t\t\t<span class=\"elementor-button-content-wrapper\">\n\t\t\t\t\t\t\t\t\t<span class=\"elementor-button-text\">Kontakta Oss<\/span>\n\t\t\t\t\t<\/span>\n\t\t\t\t\t<\/a>\n\t\t\t\t<\/div>\n\t\t\t\t\t\t\t\t<\/div>\n\t\t\t\t<\/div>\n\t\t\t\t<\/div>\n\t\t\t\t<\/div>\n\t\t\t\t<\/div>\n\t\t\t\t\t<\/div>\n\t\t\t\t<\/div>\n\t\t<div class=\"elementor-element elementor-element-74caf4d e-con-full e-flex wpr-particle-no wpr-jarallax-no wpr-parallax-no wpr-sticky-section-no wpr-equal-height-no e-con e-parent\" data-id=\"74caf4d\" data-element_type=\"container\" data-e-type=\"container\" data-settings=\"{&quot;ekit_has_onepagescroll_dot&quot;:&quot;yes&quot;}\">\n\t\t\t\t<div class=\"elementor-element elementor-element-2913edf elementor-widget-divider--view-line elementor-widget elementor-widget-divider\" data-id=\"2913edf\" data-element_type=\"widget\" data-e-type=\"widget\" data-settings=\"{&quot;ekit_we_effect_on&quot;:&quot;none&quot;}\" data-widget_type=\"divider.default\">\n\t\t\t\t<div class=\"elementor-widget-container\">\n\t\t\t\t\t\t\t<div class=\"elementor-divider\">\n\t\t\t<span class=\"elementor-divider-separator\">\n\t\t\t\t\t\t<\/span>\n\t\t<\/div>\n\t\t\t\t\t\t<\/div>\n\t\t\t\t<\/div>\n\t\t\t\t<\/div>\n\t\t<div class=\"elementor-element elementor-element-06abe77 e-flex e-con-boxed wpr-particle-no wpr-jarallax-no wpr-parallax-no wpr-sticky-section-no wpr-equal-height-no e-con e-parent\" data-id=\"06abe77\" data-element_type=\"container\" data-e-type=\"container\" data-settings=\"{&quot;ekit_has_onepagescroll_dot&quot;:&quot;yes&quot;}\">\n\t\t\t\t\t<div class=\"e-con-inner\">\n\t\t<div class=\"elementor-element elementor-element-a589454 e-con-full e-flex wpr-particle-no wpr-jarallax-no wpr-parallax-no wpr-sticky-section-no wpr-equal-height-no e-con e-child\" data-id=\"a589454\" data-element_type=\"container\" data-e-type=\"container\" data-settings=\"{&quot;ekit_has_onepagescroll_dot&quot;:&quot;yes&quot;}\">\n\t\t<div class=\"elementor-element elementor-element-6aa3299 e-con-full e-flex wpr-particle-no wpr-jarallax-no wpr-parallax-no wpr-sticky-section-no wpr-equal-height-no e-con e-child\" data-id=\"6aa3299\" data-element_type=\"container\" data-e-type=\"container\" data-settings=\"{&quot;ekit_has_onepagescroll_dot&quot;:&quot;yes&quot;}\">\n\t\t\t\t<div class=\"elementor-element elementor-element-9c60b2a elementor-invisible elementor-widget elementor-widget-image\" data-id=\"9c60b2a\" data-element_type=\"widget\" data-e-type=\"widget\" data-settings=\"{&quot;_animation&quot;:&quot;fadeIn&quot;,&quot;ekit_we_effect_on&quot;:&quot;none&quot;}\" data-widget_type=\"image.default\">\n\t\t\t\t<div class=\"elementor-widget-container\">\n\t\t\t\t\t\t\t\t\t\t\t\t\t\t\t<img loading=\"lazy\" decoding=\"async\" width=\"1024\" height=\"768\" src=\"https:\/\/marintextil.com\/wp-content\/uploads\/2025\/06\/IMG-20250622-WA0072-1024x768.webp\" class=\"attachment-large size-large wp-image-3731\" alt=\"\" srcset=\"https:\/\/marintextil.com\/wp-content\/uploads\/2025\/06\/IMG-20250622-WA0072-1024x768.webp 1024w, https:\/\/marintextil.com\/wp-content\/uploads\/2025\/06\/IMG-20250622-WA0072-scaled-600x450.webp 600w, https:\/\/marintextil.com\/wp-content\/uploads\/2025\/06\/IMG-20250622-WA0072-scaled-64x48.webp 64w, https:\/\/marintextil.com\/wp-content\/uploads\/2025\/06\/IMG-20250622-WA0072-300x225.webp 300w, https:\/\/marintextil.com\/wp-content\/uploads\/2025\/06\/IMG-20250622-WA0072-768x576.webp 768w, https:\/\/marintextil.com\/wp-content\/uploads\/2025\/06\/IMG-20250622-WA0072-1536x1152.webp 1536w, https:\/\/marintextil.com\/wp-content\/uploads\/2025\/06\/IMG-20250622-WA0072-2048x1536.webp 2048w\" sizes=\"(max-width: 1024px) 100vw, 1024px\" title=\"\">\t\t\t\t\t\t\t\t\t\t\t\t\t\t\t<\/div>\n\t\t\t\t<\/div>\n\t\t\t\t<div class=\"elementor-element elementor-element-dc98175 elementor-invisible elementor-widget elementor-widget-image\" data-id=\"dc98175\" data-element_type=\"widget\" data-e-type=\"widget\" data-settings=\"{&quot;_animation&quot;:&quot;fadeIn&quot;,&quot;ekit_we_effect_on&quot;:&quot;none&quot;}\" data-widget_type=\"image.default\">\n\t\t\t\t<div class=\"elementor-widget-container\">\n\t\t\t\t\t\t\t\t\t\t\t\t\t\t\t<img loading=\"lazy\" decoding=\"async\" width=\"1024\" height=\"768\" src=\"https:\/\/marintextil.com\/wp-content\/uploads\/2025\/06\/IMG-20250622-WA0188-1024x768.webp\" class=\"attachment-large size-large wp-image-3844\" alt=\"\" srcset=\"https:\/\/marintextil.com\/wp-content\/uploads\/2025\/06\/IMG-20250622-WA0188-1024x768.webp 1024w, https:\/\/marintextil.com\/wp-content\/uploads\/2025\/06\/IMG-20250622-WA0188-scaled-600x450.webp 600w, https:\/\/marintextil.com\/wp-content\/uploads\/2025\/06\/IMG-20250622-WA0188-scaled-64x48.webp 64w, https:\/\/marintextil.com\/wp-content\/uploads\/2025\/06\/IMG-20250622-WA0188-300x225.webp 300w, https:\/\/marintextil.com\/wp-content\/uploads\/2025\/06\/IMG-20250622-WA0188-768x576.webp 768w, https:\/\/marintextil.com\/wp-content\/uploads\/2025\/06\/IMG-20250622-WA0188-1536x1152.webp 1536w, https:\/\/marintextil.com\/wp-content\/uploads\/2025\/06\/IMG-20250622-WA0188-2048x1536.webp 2048w\" sizes=\"(max-width: 1024px) 100vw, 1024px\" title=\"\">\t\t\t\t\t\t\t\t\t\t\t\t\t\t\t<\/div>\n\t\t\t\t<\/div>\n\t\t\t\t<div class=\"elementor-element elementor-element-7bb4891 elementor-hidden-desktop elementor-invisible elementor-widget elementor-widget-image\" data-id=\"7bb4891\" data-element_type=\"widget\" data-e-type=\"widget\" data-settings=\"{&quot;_animation&quot;:&quot;fadeIn&quot;,&quot;ekit_we_effect_on&quot;:&quot;none&quot;}\" data-widget_type=\"image.default\">\n\t\t\t\t<div class=\"elementor-widget-container\">\n\t\t\t\t\t\t\t\t\t\t\t\t\t\t\t<img loading=\"lazy\" decoding=\"async\" width=\"768\" height=\"1024\" src=\"https:\/\/marintextil.com\/wp-content\/uploads\/2025\/06\/IMG-20250622-WA0074-768x1024.webp\" class=\"attachment-large size-large wp-image-3729\" alt=\"Markiser Dynor\" srcset=\"https:\/\/marintextil.com\/wp-content\/uploads\/2025\/06\/IMG-20250622-WA0074-768x1024.webp 768w, https:\/\/marintextil.com\/wp-content\/uploads\/2025\/06\/IMG-20250622-WA0074-scaled-600x800.webp 600w, https:\/\/marintextil.com\/wp-content\/uploads\/2025\/06\/IMG-20250622-WA0074-scaled-64x85.webp 64w, https:\/\/marintextil.com\/wp-content\/uploads\/2025\/06\/IMG-20250622-WA0074-225x300.webp 225w, https:\/\/marintextil.com\/wp-content\/uploads\/2025\/06\/IMG-20250622-WA0074-1152x1536.webp 1152w, https:\/\/marintextil.com\/wp-content\/uploads\/2025\/06\/IMG-20250622-WA0074-1536x2048.webp 1536w, https:\/\/marintextil.com\/wp-content\/uploads\/2025\/06\/IMG-20250622-WA0074-scaled.webp 1920w\" sizes=\"(max-width: 768px) 100vw, 768px\" title=\"\">\t\t\t\t\t\t\t\t\t\t\t\t\t\t\t<\/div>\n\t\t\t\t<\/div>\n\t\t\t\t<div class=\"elementor-element elementor-element-0bd5dbd elementor-hidden-desktop elementor-invisible elementor-widget elementor-widget-image\" data-id=\"0bd5dbd\" data-element_type=\"widget\" data-e-type=\"widget\" data-settings=\"{&quot;_animation&quot;:&quot;fadeIn&quot;,&quot;ekit_we_effect_on&quot;:&quot;none&quot;}\" data-widget_type=\"image.default\">\n\t\t\t\t<div class=\"elementor-widget-container\">\n\t\t\t\t\t\t\t\t\t\t\t\t\t\t\t<img loading=\"lazy\" decoding=\"async\" width=\"1024\" height=\"768\" src=\"https:\/\/marintextil.com\/wp-content\/uploads\/2025\/06\/IMG-20250622-WA0184-1024x768.webp\" class=\"attachment-large size-large wp-image-3828\" alt=\"\" srcset=\"https:\/\/marintextil.com\/wp-content\/uploads\/2025\/06\/IMG-20250622-WA0184-1024x768.webp 1024w, https:\/\/marintextil.com\/wp-content\/uploads\/2025\/06\/IMG-20250622-WA0184-scaled-600x450.webp 600w, https:\/\/marintextil.com\/wp-content\/uploads\/2025\/06\/IMG-20250622-WA0184-scaled-64x48.webp 64w, https:\/\/marintextil.com\/wp-content\/uploads\/2025\/06\/IMG-20250622-WA0184-300x225.webp 300w, https:\/\/marintextil.com\/wp-content\/uploads\/2025\/06\/IMG-20250622-WA0184-768x576.webp 768w, https:\/\/marintextil.com\/wp-content\/uploads\/2025\/06\/IMG-20250622-WA0184-1536x1152.webp 1536w, https:\/\/marintextil.com\/wp-content\/uploads\/2025\/06\/IMG-20250622-WA0184-2048x1536.webp 2048w\" sizes=\"(max-width: 1024px) 100vw, 1024px\" title=\"\">\t\t\t\t\t\t\t\t\t\t\t\t\t\t\t<\/div>\n\t\t\t\t<\/div>\n\t\t\t\t<\/div>\n\t\t\t\t<\/div>\n\t\t<div class=\"elementor-element elementor-element-36adcfc e-con-full e-flex wpr-particle-no wpr-jarallax-no wpr-parallax-no wpr-sticky-section-no wpr-equal-height-no e-con e-child\" data-id=\"36adcfc\" data-element_type=\"container\" data-e-type=\"container\" data-settings=\"{&quot;ekit_has_onepagescroll_dot&quot;:&quot;yes&quot;}\">\n\t\t\t\t<div class=\"elementor-element elementor-element-c410625 elementor-invisible elementor-widget elementor-widget-heading\" data-id=\"c410625\" data-element_type=\"widget\" data-e-type=\"widget\" id=\"lasse-maja\" data-settings=\"{&quot;_animation&quot;:&quot;fadeIn&quot;,&quot;ekit_we_effect_on&quot;:&quot;none&quot;}\" data-widget_type=\"heading.default\">\n\t\t\t\t<div class=\"elementor-widget-container\">\n\t\t\t\t\t<h2 class=\"elementor-heading-title elementor-size-default\"><a href=\"https:\/\/lassemajaskrog.se\/\" target=\"_blank\" rel=\"noopener\">Lasse Majas Krog - Samarbete<\/a><\/h2>\t\t\t\t<\/div>\n\t\t\t\t<\/div>\n\t\t\t\t<div class=\"elementor-element elementor-element-228e43a elementor-invisible elementor-widget elementor-widget-text-editor\" data-id=\"228e43a\" data-element_type=\"widget\" data-e-type=\"widget\" data-settings=\"{&quot;_animation&quot;:&quot;fadeIn&quot;,&quot;ekit_we_effect_on&quot;:&quot;none&quot;}\" data-widget_type=\"text-editor.default\">\n\t\t\t\t<div class=\"elementor-widget-container\">\n\t\t\t\t\t\t\t\t\t<p data-start=\"229\" data-end=\"554\">Marstrands Marintextil har levererat skr\u00e4ddarsydda <a href=\"https:\/\/marintextil.com\/markiser\/\">markiser<\/a>, <a href=\"https:\/\/marintextil.com\/sittdynor\/\">soffdynor <\/a>och <a href=\"https:\/\/marintextil.com\/sittdynor\/\">sittdynor <\/a>till <a href=\"https:\/\/lassemajaskrog.se\/\" target=\"_blank\" rel=\"noopener\">Lasse Majas Krog<\/a> \u2013 allt anpassat f\u00f6r restaurangmilj\u00f6 med h\u00f6gt slitage och krav p\u00e5 h\u00e5llbarhet. Vi erbjuder ett brett sortiment av tyger i h\u00f6g kvalitet och f\u00e4rgkollektioner som passar b\u00e5de inomhus och utomhus.<\/p><p data-start=\"556\" data-end=\"909\">F\u00f6r utedynor och utem\u00f6bler anv\u00e4nder vi s\u00e4rskilt UV-best\u00e4ndiga tyger som inte spricker eller tappar f\u00e4rg i solen. Materialen \u00e4r coated och finns i flera varianter beroende p\u00e5 design och anv\u00e4ndningsomr\u00e5de. Vi s\u00e4kerst\u00e4ller alltid att l\u00f6sningen passar b\u00e5de milj\u00f6, komfort och visuellt uttryck \u2013 i n\u00e4ra dialog med v\u00e5ra f\u00f6retagskunder.<\/p>\t\t\t\t\t\t\t\t<\/div>\n\t\t\t\t<\/div>\n\t\t\t\t<div class=\"elementor-element elementor-element-b507aca elementor-invisible elementor-widget elementor-widget-heading\" data-id=\"b507aca\" data-element_type=\"widget\" data-e-type=\"widget\" data-settings=\"{&quot;_animation&quot;:&quot;fadeIn&quot;,&quot;ekit_we_effect_on&quot;:&quot;none&quot;}\" data-widget_type=\"heading.default\">\n\t\t\t\t<div class=\"elementor-widget-container\">\n\t\t\t\t\t<h4 class=\"elementor-heading-title elementor-size-default\">Skr\u00e4ddarsydda textill\u00f6sningar f\u00f6r restaurangutemilj\u00f6er &amp; solskydd<\/h4>\t\t\t\t<\/div>\n\t\t\t\t<\/div>\n\t\t\t\t<div class=\"elementor-element elementor-element-543b038 elementor-invisible elementor-widget elementor-widget-text-editor\" data-id=\"543b038\" data-element_type=\"widget\" data-e-type=\"widget\" data-settings=\"{&quot;_animation&quot;:&quot;fadeIn&quot;,&quot;ekit_we_effect_on&quot;:&quot;none&quot;}\" data-widget_type=\"text-editor.default\">\n\t\t\t\t<div class=\"elementor-widget-container\">\n\t\t\t\t\t\t\t\t\t<p data-start=\"577\" data-end=\"949\">Marstrands Marintextil har bred erfarenhet av att skapa m\u00e5ttanpassade textilprodukter till restaurangers utomhusytor \u2013 inklusive <a href=\"https:\/\/marintextil.com\/sittdynor\/\">soffdynor<\/a>, <a href=\"https:\/\/marintextil.com\/ryggkuddar\/\">ryggdynor<\/a> och v\u00e4v till parasoll, <a href=\"https:\/\/marintextil.com\/markiser\/\">markiser<\/a> och solskydd. I projekt som Lasse Majas Krog levererar vi alltid material som t\u00e5l UV-ljus, fukt, salt, och daglig reng\u00f6ring \u2013 perfekt f\u00f6r uteserveringar l\u00e4ngs v\u00e4stkusten.<\/p><p data-start=\"951\" data-end=\"1191\">V\u00e5ra textill\u00f6sningar kombinerar estetik och funktion, och v\u00e5ra coated tyger ger b\u00e5de l\u00e5ng livsl\u00e4ngd och ett professionellt utseende. V\u00e4lj bland ett brett urval f\u00e4rger och material \u2013 vi anpassar alltid efter restaurangens behov och stil.<\/p><p>Letar du efter sittdynor eller soffdynor till restaurang, kl\u00e4dsel till soffor f\u00f6r offentliga milj\u00f6er, eller textiltj\u00e4nster till kedja? <a href=\"https:\/\/marintextil.com\/kontakta-oss\/\">Kontakta oss<\/a> \u2013 vi hj\u00e4lper dig med b\u00e5de komfort och utseende.<\/p>\t\t\t\t\t\t\t\t<\/div>\n\t\t\t\t<\/div>\n\t\t<div class=\"elementor-element elementor-element-d0be4c6 e-con-full e-flex wpr-particle-no wpr-jarallax-no wpr-parallax-no wpr-sticky-section-no wpr-equal-height-no e-con e-child\" data-id=\"d0be4c6\" data-element_type=\"container\" data-e-type=\"container\" data-settings=\"{&quot;ekit_has_onepagescroll_dot&quot;:&quot;yes&quot;}\">\n\t\t<div class=\"elementor-element elementor-element-823fd40 e-con-full e-flex wpr-particle-no wpr-jarallax-no wpr-parallax-no wpr-sticky-section-no wpr-equal-height-no e-con e-child\" data-id=\"823fd40\" data-element_type=\"container\" data-e-type=\"container\" data-settings=\"{&quot;ekit_has_onepagescroll_dot&quot;:&quot;yes&quot;}\">\n\t\t\t\t<div class=\"elementor-element elementor-element-7a7ec25 elementor-align-justify elementor-widget__width-initial elementor-widget elementor-widget-button\" data-id=\"7a7ec25\" data-element_type=\"widget\" data-e-type=\"widget\" data-settings=\"{&quot;ekit_we_effect_on&quot;:&quot;none&quot;}\" data-widget_type=\"button.default\">\n\t\t\t\t<div class=\"elementor-widget-container\">\n\t\t\t\t\t\t\t\t\t<div class=\"elementor-button-wrapper\">\n\t\t\t\t\t<a class=\"elementor-button elementor-button-link elementor-size-sm\" href=\"https:\/\/marintextil.com\/sittdynor\/\">\n\t\t\t\t\t\t<span class=\"elementor-button-content-wrapper\">\n\t\t\t\t\t\t<span class=\"elementor-button-icon\">\n\t\t\t\t<i aria-hidden=\"true\" class=\" ti-info-alt\"><\/i>\t\t\t<\/span>\n\t\t\t\t\t\t\t\t\t<span class=\"elementor-button-text\">L\u00e4s mer om Sittdynor<\/span>\n\t\t\t\t\t<\/span>\n\t\t\t\t\t<\/a>\n\t\t\t\t<\/div>\n\t\t\t\t\t\t\t\t<\/div>\n\t\t\t\t<\/div>\n\t\t\t\t<\/div>\n\t\t<div class=\"elementor-element elementor-element-d806004 e-con-full e-flex wpr-particle-no wpr-jarallax-no wpr-parallax-no wpr-sticky-section-no wpr-equal-height-no e-con e-child\" data-id=\"d806004\" data-element_type=\"container\" data-e-type=\"container\" data-settings=\"{&quot;ekit_has_onepagescroll_dot&quot;:&quot;yes&quot;}\">\n\t\t\t\t<div class=\"elementor-element elementor-element-f2108ca elementor-align-justify elementor-widget__width-initial elementor-widget elementor-widget-button\" data-id=\"f2108ca\" data-element_type=\"widget\" data-e-type=\"widget\" data-settings=\"{&quot;ekit_we_effect_on&quot;:&quot;none&quot;}\" data-widget_type=\"button.default\">\n\t\t\t\t<div class=\"elementor-widget-container\">\n\t\t\t\t\t\t\t\t\t<div class=\"elementor-button-wrapper\">\n\t\t\t\t\t<a class=\"elementor-button elementor-button-link elementor-size-sm\" href=\"https:\/\/marintextil.com\/kontakta-oss\/\">\n\t\t\t\t\t\t<span class=\"elementor-button-content-wrapper\">\n\t\t\t\t\t\t\t\t\t<span class=\"elementor-button-text\">Kontakta Oss<\/span>\n\t\t\t\t\t<\/span>\n\t\t\t\t\t<\/a>\n\t\t\t\t<\/div>\n\t\t\t\t\t\t\t\t<\/div>\n\t\t\t\t<\/div>\n\t\t\t\t<\/div>\n\t\t\t\t<\/div>\n\t\t\t\t<\/div>\n\t\t\t\t\t<\/div>\n\t\t\t\t<\/div>\n\t\t<div class=\"elementor-element elementor-element-ea9a335 e-con-full e-flex wpr-particle-no wpr-jarallax-no wpr-parallax-no wpr-sticky-section-no wpr-equal-height-no e-con e-parent\" data-id=\"ea9a335\" data-element_type=\"container\" data-e-type=\"container\" data-settings=\"{&quot;ekit_has_onepagescroll_dot&quot;:&quot;yes&quot;}\">\n\t\t\t\t<div class=\"elementor-element elementor-element-f582f28 elementor-widget-divider--view-line elementor-widget elementor-widget-divider\" data-id=\"f582f28\" data-element_type=\"widget\" data-e-type=\"widget\" data-settings=\"{&quot;ekit_we_effect_on&quot;:&quot;none&quot;}\" data-widget_type=\"divider.default\">\n\t\t\t\t<div class=\"elementor-widget-container\">\n\t\t\t\t\t\t\t<div class=\"elementor-divider\">\n\t\t\t<span class=\"elementor-divider-separator\">\n\t\t\t\t\t\t<\/span>\n\t\t<\/div>\n\t\t\t\t\t\t<\/div>\n\t\t\t\t<\/div>\n\t\t\t\t<\/div>\n\t\t<div class=\"elementor-element elementor-element-c5b0831 e-flex e-con-boxed wpr-particle-no wpr-jarallax-no wpr-parallax-no wpr-sticky-section-no wpr-equal-height-no e-con e-parent\" data-id=\"c5b0831\" data-element_type=\"container\" data-e-type=\"container\" data-settings=\"{&quot;ekit_has_onepagescroll_dot&quot;:&quot;yes&quot;}\">\n\t\t\t\t\t<div class=\"e-con-inner\">\n\t\t<div class=\"elementor-element elementor-element-7b3c9ae e-con-full e-flex wpr-particle-no wpr-jarallax-no wpr-parallax-no wpr-sticky-section-no wpr-equal-height-no e-con e-child\" data-id=\"7b3c9ae\" data-element_type=\"container\" data-e-type=\"container\" data-settings=\"{&quot;ekit_has_onepagescroll_dot&quot;:&quot;yes&quot;}\">\n\t\t<div class=\"elementor-element elementor-element-ca5f86e e-con-full e-flex wpr-particle-no wpr-jarallax-no wpr-parallax-no wpr-sticky-section-no wpr-equal-height-no e-con e-child\" data-id=\"ca5f86e\" data-element_type=\"container\" data-e-type=\"container\" data-settings=\"{&quot;ekit_has_onepagescroll_dot&quot;:&quot;yes&quot;}\">\n\t\t\t\t<div class=\"elementor-element elementor-element-c35da44 elementor-invisible elementor-widget elementor-widget-image\" data-id=\"c35da44\" data-element_type=\"widget\" data-e-type=\"widget\" data-settings=\"{&quot;_animation&quot;:&quot;fadeIn&quot;,&quot;ekit_we_effect_on&quot;:&quot;none&quot;}\" data-widget_type=\"image.default\">\n\t\t\t\t<div class=\"elementor-widget-container\">\n\t\t\t\t\t\t\t\t\t\t\t\t\t\t\t<img loading=\"lazy\" decoding=\"async\" width=\"1024\" height=\"1024\" src=\"https:\/\/marintextil.com\/wp-content\/uploads\/2025\/06\/IMG-20250615-WA0013-1024x1024.webp\" class=\"attachment-large size-large wp-image-3664\" alt=\"\" srcset=\"https:\/\/marintextil.com\/wp-content\/uploads\/2025\/06\/IMG-20250615-WA0013-1024x1024.webp 1024w, https:\/\/marintextil.com\/wp-content\/uploads\/2025\/06\/IMG-20250615-WA0013-300x300.webp 300w, https:\/\/marintextil.com\/wp-content\/uploads\/2025\/06\/IMG-20250615-WA0013-scaled-100x100.webp 100w, https:\/\/marintextil.com\/wp-content\/uploads\/2025\/06\/IMG-20250615-WA0013-scaled-600x600.webp 600w, https:\/\/marintextil.com\/wp-content\/uploads\/2025\/06\/IMG-20250615-WA0013-scaled-64x64.webp 64w, https:\/\/marintextil.com\/wp-content\/uploads\/2025\/06\/IMG-20250615-WA0013-150x150.webp 150w, https:\/\/marintextil.com\/wp-content\/uploads\/2025\/06\/IMG-20250615-WA0013-768x768.webp 768w, https:\/\/marintextil.com\/wp-content\/uploads\/2025\/06\/IMG-20250615-WA0013-1536x1536.webp 1536w, https:\/\/marintextil.com\/wp-content\/uploads\/2025\/06\/IMG-20250615-WA0013-2048x2048.webp 2048w\" sizes=\"(max-width: 1024px) 100vw, 1024px\" title=\"\">\t\t\t\t\t\t\t\t\t\t\t\t\t\t\t<\/div>\n\t\t\t\t<\/div>\n\t\t\t\t<div class=\"elementor-element elementor-element-2e47033 elementor-invisible elementor-widget elementor-widget-image\" data-id=\"2e47033\" data-element_type=\"widget\" data-e-type=\"widget\" data-settings=\"{&quot;_animation&quot;:&quot;fadeIn&quot;,&quot;ekit_we_effect_on&quot;:&quot;none&quot;}\" data-widget_type=\"image.default\">\n\t\t\t\t<div class=\"elementor-widget-container\">\n\t\t\t\t\t\t\t\t\t\t\t\t\t\t\t<img loading=\"lazy\" decoding=\"async\" width=\"1024\" height=\"576\" src=\"https:\/\/marintextil.com\/wp-content\/uploads\/2025\/06\/IMG-20250622-WA0050-1024x576.webp\" class=\"attachment-large size-large wp-image-3707\" alt=\"Sittdynor till Le Pain Fran\u00e7ais \u2013 restaurangstolar i t\u00e5ligt tyg\" srcset=\"https:\/\/marintextil.com\/wp-content\/uploads\/2025\/06\/IMG-20250622-WA0050-1024x576.webp 1024w, https:\/\/marintextil.com\/wp-content\/uploads\/2025\/06\/IMG-20250622-WA0050-scaled-600x338.webp 600w, https:\/\/marintextil.com\/wp-content\/uploads\/2025\/06\/IMG-20250622-WA0050-scaled-64x36.webp 64w, https:\/\/marintextil.com\/wp-content\/uploads\/2025\/06\/IMG-20250622-WA0050-300x169.webp 300w, https:\/\/marintextil.com\/wp-content\/uploads\/2025\/06\/IMG-20250622-WA0050-768x432.webp 768w, https:\/\/marintextil.com\/wp-content\/uploads\/2025\/06\/IMG-20250622-WA0050-1536x864.webp 1536w, https:\/\/marintextil.com\/wp-content\/uploads\/2025\/06\/IMG-20250622-WA0050-2048x1152.webp 2048w\" sizes=\"(max-width: 1024px) 100vw, 1024px\" title=\"\">\t\t\t\t\t\t\t\t\t\t\t\t\t\t\t<\/div>\n\t\t\t\t<\/div>\n\t\t\t\t<div class=\"elementor-element elementor-element-80f3e56 elementor-hidden-desktop elementor-invisible elementor-widget elementor-widget-image\" data-id=\"80f3e56\" data-element_type=\"widget\" data-e-type=\"widget\" data-settings=\"{&quot;_animation&quot;:&quot;fadeIn&quot;,&quot;ekit_we_effect_on&quot;:&quot;none&quot;}\" data-widget_type=\"image.default\">\n\t\t\t\t<div class=\"elementor-widget-container\">\n\t\t\t\t\t\t\t\t\t\t\t\t\t\t\t<img loading=\"lazy\" decoding=\"async\" width=\"1024\" height=\"1024\" src=\"https:\/\/marintextil.com\/wp-content\/uploads\/2025\/06\/IMG-20250622-WA0051-1024x1024.webp\" class=\"attachment-large size-large wp-image-3706\" alt=\"Ryggst\u00f6d i svart konstl\u00e4der till restaurang \u2013 projekt Le Pain Fran\u00e7ais\" srcset=\"https:\/\/marintextil.com\/wp-content\/uploads\/2025\/06\/IMG-20250622-WA0051-1024x1024.webp 1024w, https:\/\/marintextil.com\/wp-content\/uploads\/2025\/06\/IMG-20250622-WA0051-300x300.webp 300w, https:\/\/marintextil.com\/wp-content\/uploads\/2025\/06\/IMG-20250622-WA0051-scaled-100x100.webp 100w, https:\/\/marintextil.com\/wp-content\/uploads\/2025\/06\/IMG-20250622-WA0051-scaled-600x600.webp 600w, https:\/\/marintextil.com\/wp-content\/uploads\/2025\/06\/IMG-20250622-WA0051-scaled-64x64.webp 64w, https:\/\/marintextil.com\/wp-content\/uploads\/2025\/06\/IMG-20250622-WA0051-150x150.webp 150w, https:\/\/marintextil.com\/wp-content\/uploads\/2025\/06\/IMG-20250622-WA0051-768x768.webp 768w, https:\/\/marintextil.com\/wp-content\/uploads\/2025\/06\/IMG-20250622-WA0051-1536x1536.webp 1536w, https:\/\/marintextil.com\/wp-content\/uploads\/2025\/06\/IMG-20250622-WA0051-2048x2048.webp 2048w\" sizes=\"(max-width: 1024px) 100vw, 1024px\" title=\"\">\t\t\t\t\t\t\t\t\t\t\t\t\t\t\t<\/div>\n\t\t\t\t<\/div>\n\t\t\t\t<div class=\"elementor-element elementor-element-ecdf63e elementor-hidden-desktop elementor-invisible elementor-widget elementor-widget-image\" data-id=\"ecdf63e\" data-element_type=\"widget\" data-e-type=\"widget\" data-settings=\"{&quot;_animation&quot;:&quot;fadeIn&quot;,&quot;ekit_we_effect_on&quot;:&quot;none&quot;}\" data-widget_type=\"image.default\">\n\t\t\t\t<div class=\"elementor-widget-container\">\n\t\t\t\t\t\t\t\t\t\t\t\t\t\t\t<img loading=\"lazy\" decoding=\"async\" width=\"576\" height=\"1024\" src=\"https:\/\/marintextil.com\/wp-content\/uploads\/2025\/06\/IMG-20250622-WA0052-576x1024.webp\" class=\"attachment-large size-large wp-image-3705\" alt=\"Frist\u00e5ende ryggpaneler till restauranginredning \u2013 projekt Le Pain Fran\u00e7ais\" srcset=\"https:\/\/marintextil.com\/wp-content\/uploads\/2025\/06\/IMG-20250622-WA0052-576x1024.webp 576w, https:\/\/marintextil.com\/wp-content\/uploads\/2025\/06\/IMG-20250622-WA0052-scaled-600x1067.webp 600w, https:\/\/marintextil.com\/wp-content\/uploads\/2025\/06\/IMG-20250622-WA0052-scaled-64x114.webp 64w, https:\/\/marintextil.com\/wp-content\/uploads\/2025\/06\/IMG-20250622-WA0052-169x300.webp 169w, https:\/\/marintextil.com\/wp-content\/uploads\/2025\/06\/IMG-20250622-WA0052-768x1365.webp 768w, https:\/\/marintextil.com\/wp-content\/uploads\/2025\/06\/IMG-20250622-WA0052-864x1536.webp 864w, https:\/\/marintextil.com\/wp-content\/uploads\/2025\/06\/IMG-20250622-WA0052-1152x2048.webp 1152w, https:\/\/marintextil.com\/wp-content\/uploads\/2025\/06\/IMG-20250622-WA0052-scaled.webp 1440w\" sizes=\"(max-width: 576px) 100vw, 576px\" title=\"\">\t\t\t\t\t\t\t\t\t\t\t\t\t\t\t<\/div>\n\t\t\t\t<\/div>\n\t\t\t\t<\/div>\n\t\t\t\t<\/div>\n\t\t<div class=\"elementor-element elementor-element-08b488f e-con-full e-flex wpr-particle-no wpr-jarallax-no wpr-parallax-no wpr-sticky-section-no wpr-equal-height-no e-con e-child\" data-id=\"08b488f\" data-element_type=\"container\" data-e-type=\"container\" data-settings=\"{&quot;ekit_has_onepagescroll_dot&quot;:&quot;yes&quot;}\">\n\t\t\t\t<div class=\"elementor-element elementor-element-a89a184 elementor-invisible elementor-widget elementor-widget-heading\" data-id=\"a89a184\" data-element_type=\"widget\" data-e-type=\"widget\" id=\"le-pain-francais\" data-settings=\"{&quot;_animation&quot;:&quot;fadeIn&quot;,&quot;ekit_we_effect_on&quot;:&quot;none&quot;}\" data-widget_type=\"heading.default\">\n\t\t\t\t<div class=\"elementor-widget-container\">\n\t\t\t\t\t<h2 class=\"elementor-heading-title elementor-size-default\"><a href=\"https:\/\/lepainfrancais.se\/\" target=\"_blank\" rel=\"noopener\">Le Pain Francais - Samarbete<\/a><\/h2>\t\t\t\t<\/div>\n\t\t\t\t<\/div>\n\t\t\t\t<div class=\"elementor-element elementor-element-999a97d elementor-invisible elementor-widget elementor-widget-text-editor\" data-id=\"999a97d\" data-element_type=\"widget\" data-e-type=\"widget\" data-settings=\"{&quot;_animation&quot;:&quot;fadeIn&quot;,&quot;ekit_we_effect_on&quot;:&quot;none&quot;}\" data-widget_type=\"text-editor.default\">\n\t\t\t\t<div class=\"elementor-widget-container\">\n\t\t\t\t\t\t\t\t\t<p data-start=\"212\" data-end=\"516\"><span class=\"relative -mx-px my-[-0.2rem] rounded px-px py-[0.2rem] transition-colors duration-100 ease-in-out\">Marstrands Marintextil har levererat m\u00e5ttsydda <a href=\"https:\/\/marintextil.com\/sittdynor\/\">sittdynor<\/a>, <a href=\"https:\/\/marintextil.com\/ryggkuddar\/\">ryggkuddar <\/a>och textilf\u00f6rb\u00e4ttringar till restaurangkedjan Le\u202fPain Fran\u00e7ais i G\u00f6teborg. V\u00e5ra l\u00f6sningar \u00e4r anpassade efter Le Pain Fran\u00e7ais eleganta caf\u00e9milj\u00f6er och restauranger som Nordstan, Vallgatan och Metropolitan<\/span>. Vi anv\u00e4nder slitstarka, tv\u00e4ttbara och UV\u2011best\u00e4ndiga tyger \u2013 idealiska f\u00f6r uteserveringar och h\u00f6gtrafikerade ytor \u2013 vilket s\u00e4kerst\u00e4ller b\u00e5de h\u00e5llbarhet och ett visuellt enhetligt intryck mot kedjans designprofil.<\/p><p data-start=\"518\" data-end=\"1062\">Med Marstrands Marintextil som partner f\u00e5r Le Pain Fran\u00e7ais en kostnadseffektiv textilrenovering, utan att byta ut hela inredningen. V\u00e5rt f\u00f6retag h\u00e4mtar, syr om och monterar direkt hos restaurangen \u2013 alltid med kvalitetss\u00e4krad textiltj\u00e4nst f\u00f6r offentlig milj\u00f6.<br data-start=\"782\" data-end=\"785\" \/>S\u00f6ker du m\u00f6beltapetsering eller specialsydda dynor f\u00f6r restauranger, caf\u00e9er eller hotell? <a class=\"cursor-pointer\" href=\"https:\/\/marintextil.com\/kontakta-oss\/\" target=\"_new\" rel=\"noopener\" data-start=\"883\" data-end=\"954\">Kontakta Marstrands Marintextil<\/a> \u2013 vi hj\u00e4lper f\u00f6retag i hela Sverige med professionella textill\u00f6sningar f\u00f6r offentlig och kommersiell milj\u00f6.<\/p>\t\t\t\t\t\t\t\t<\/div>\n\t\t\t\t<\/div>\n\t\t\t\t<div class=\"elementor-element elementor-element-2819491 elementor-invisible elementor-widget elementor-widget-heading\" data-id=\"2819491\" data-element_type=\"widget\" data-e-type=\"widget\" data-settings=\"{&quot;_animation&quot;:&quot;fadeIn&quot;,&quot;ekit_we_effect_on&quot;:&quot;none&quot;}\" data-widget_type=\"heading.default\">\n\t\t\t\t<div class=\"elementor-widget-container\">\n\t\t\t\t\t<h4 class=\"elementor-heading-title elementor-size-default\">Skr\u00e4ddarsydd restauranginredning &amp; textilrenovering f\u00f6r offentlig milj\u00f6<\/h4>\t\t\t\t<\/div>\n\t\t\t\t<\/div>\n\t\t\t\t<div class=\"elementor-element elementor-element-ff61b89 elementor-invisible elementor-widget elementor-widget-text-editor\" data-id=\"ff61b89\" data-element_type=\"widget\" data-e-type=\"widget\" data-settings=\"{&quot;_animation&quot;:&quot;fadeIn&quot;,&quot;ekit_we_effect_on&quot;:&quot;none&quot;}\" data-widget_type=\"text-editor.default\">\n\t\t\t\t<div class=\"elementor-widget-container\">\n\t\t\t\t\t\t\t\t\t<p data-start=\"472\" data-end=\"1003\">Marstrands Marintextil erbjuder professionell hj\u00e4lp med renovering av restauranginredning, med fokus p\u00e5 b\u00e5de komfort, h\u00e5llbarhet och visuell helhet. Vi tillverkar och renoverar m\u00e5ttbest\u00e4llda produkter s\u00e5som <a class=\"\" href=\"https:\/\/marintextil.com\/sittdynor\/\" target=\"_new\" rel=\"noopener\" data-start=\"699\" data-end=\"750\">sittdynor<\/a>, <a class=\"cursor-pointer\" href=\"https:\/\/marintextil.com\/ryggkuddar\/\" target=\"_new\" rel=\"noopener\" data-start=\"752\" data-end=\"805\">soffkuddar<\/a>, <a href=\"https:\/\/marintextil.com\/ryggkuddar\/\">ryggdynor <\/a>och <a class=\"\" href=\"https:\/\/marintextil.com\/ovriga-tjanster\/\" target=\"_new\" rel=\"noopener\" data-start=\"863\" data-end=\"931\">v\u00e4ggpaneler i textil<\/a>, skr\u00e4ddarsydda f\u00f6r restauranger, hotell, caf\u00e9er och offentliga lokaler.<\/p><p data-start=\"1005\" data-end=\"1322\">Vi arbetar med slitstarka och tv\u00e4ttbara tyger som klarar daglig anv\u00e4ndning, fett, fukt, reng\u00f6ringsmedel och UV-ljus \u2013 vilket g\u00f6r v\u00e5ra l\u00f6sningar perfekta f\u00f6r kommersiella milj\u00f6er. Allt sys med h\u00f6gsta precision i v\u00e5r syatelj\u00e9 p\u00e5 v\u00e4stkusten och kan monteras direkt p\u00e5 plats i G\u00f6teborg eller levereras i hela Sverige.<\/p><p data-start=\"1324\" data-end=\"1545\">Vi har bland annat samarbetat med <a class=\"\" href=\"https:\/\/lepainfrancais.se\/\" target=\"_new\" rel=\"noopener\" data-start=\"1358\" data-end=\"1408\">Le Pain Fran\u00e7ais<\/a> \u2013 en v\u00e4letablerad restaurangkedja \u2013 d\u00e4r vi ansvarat f\u00f6r omkl\u00e4dsel av m\u00f6bler och textildesign anpassad f\u00f6r deras unika inredningskoncept.\u00a0<span style=\"font-style: inherit; font-weight: inherit;\">Vill du ge nytt liv \u00e5t dina restaurangm\u00f6bler? <\/span><a style=\"font-style: inherit; font-weight: inherit; background-color: #ffffff;\" href=\"https:\/\/marintextil.com\/kontakta-oss\/\">Kontakta oss<\/a><span style=\"font-style: inherit; font-weight: inherit;\"> idag.<\/span><\/p>\t\t\t\t\t\t\t\t<\/div>\n\t\t\t\t<\/div>\n\t\t<div class=\"elementor-element elementor-element-8cd99eb e-con-full e-flex wpr-particle-no wpr-jarallax-no wpr-parallax-no wpr-sticky-section-no wpr-equal-height-no e-con e-child\" data-id=\"8cd99eb\" data-element_type=\"container\" data-e-type=\"container\" data-settings=\"{&quot;ekit_has_onepagescroll_dot&quot;:&quot;yes&quot;}\">\n\t\t<div class=\"elementor-element elementor-element-d1c0234 e-con-full e-flex wpr-particle-no wpr-jarallax-no wpr-parallax-no wpr-sticky-section-no wpr-equal-height-no e-con e-child\" data-id=\"d1c0234\" data-element_type=\"container\" data-e-type=\"container\" data-settings=\"{&quot;ekit_has_onepagescroll_dot&quot;:&quot;yes&quot;}\">\n\t\t\t\t<div class=\"elementor-element elementor-element-bef23dc elementor-align-justify elementor-widget__width-initial elementor-widget elementor-widget-button\" data-id=\"bef23dc\" data-element_type=\"widget\" data-e-type=\"widget\" data-settings=\"{&quot;ekit_we_effect_on&quot;:&quot;none&quot;}\" data-widget_type=\"button.default\">\n\t\t\t\t<div class=\"elementor-widget-container\">\n\t\t\t\t\t\t\t\t\t<div class=\"elementor-button-wrapper\">\n\t\t\t\t\t<a class=\"elementor-button elementor-button-link elementor-size-sm\" href=\"https:\/\/marintextil.com\/ryggkuddar\/\">\n\t\t\t\t\t\t<span class=\"elementor-button-content-wrapper\">\n\t\t\t\t\t\t<span class=\"elementor-button-icon\">\n\t\t\t\t<i aria-hidden=\"true\" class=\" ti-info-alt\"><\/i>\t\t\t<\/span>\n\t\t\t\t\t\t\t\t\t<span class=\"elementor-button-text\">L\u00e4s mer om Ryggkuddar<\/span>\n\t\t\t\t\t<\/span>\n\t\t\t\t\t<\/a>\n\t\t\t\t<\/div>\n\t\t\t\t\t\t\t\t<\/div>\n\t\t\t\t<\/div>\n\t\t\t\t<\/div>\n\t\t<div class=\"elementor-element elementor-element-96a771f e-con-full e-flex wpr-particle-no wpr-jarallax-no wpr-parallax-no wpr-sticky-section-no wpr-equal-height-no e-con e-child\" data-id=\"96a771f\" data-element_type=\"container\" data-e-type=\"container\" data-settings=\"{&quot;ekit_has_onepagescroll_dot&quot;:&quot;yes&quot;}\">\n\t\t\t\t<div class=\"elementor-element elementor-element-70a2ceb elementor-align-justify elementor-widget__width-initial elementor-widget elementor-widget-button\" data-id=\"70a2ceb\" data-element_type=\"widget\" data-e-type=\"widget\" data-settings=\"{&quot;ekit_we_effect_on&quot;:&quot;none&quot;}\" data-widget_type=\"button.default\">\n\t\t\t\t<div class=\"elementor-widget-container\">\n\t\t\t\t\t\t\t\t\t<div class=\"elementor-button-wrapper\">\n\t\t\t\t\t<a class=\"elementor-button elementor-button-link elementor-size-sm\" href=\"https:\/\/marintextil.com\/kontakta-oss\/\">\n\t\t\t\t\t\t<span class=\"elementor-button-content-wrapper\">\n\t\t\t\t\t\t\t\t\t<span class=\"elementor-button-text\">Kontakta Oss<\/span>\n\t\t\t\t\t<\/span>\n\t\t\t\t\t<\/a>\n\t\t\t\t<\/div>\n\t\t\t\t\t\t\t\t<\/div>\n\t\t\t\t<\/div>\n\t\t\t\t<\/div>\n\t\t\t\t<\/div>\n\t\t\t\t<\/div>\n\t\t\t\t\t<\/div>\n\t\t\t\t<\/div>\n\t\t\t\t<\/div>\n\t\t","protected":false},"excerpt":{"rendered":"<p>Marstrands Marintextil Our Partners We cooperate with well-known companies throughout Sweden At Marstrands Marintextil AB we are proud of<\/p>","protected":false},"author":1,"featured_media":5650,"parent":0,"menu_order":0,"comment_status":"closed","ping_status":"closed","template":"","meta":{"site-sidebar-layout":"no-sidebar","site-content-layout":"","ast-site-content-layout":"full-width-container","site-content-style":"default","site-sidebar-style":"default","ast-global-header-display":"","ast-banner-title-visibility":"","ast-main-header-display":"","ast-hfb-above-header-display":"","ast-hfb-below-header-display":"","ast-hfb-mobile-header-display":"","site-post-title":"disabled","ast-breadcrumbs-content":"","ast-featured-img":"disabled","footer-sml-layout":"","ast-disable-related-posts":"","theme-transparent-header-meta":"","adv-header-id-meta":"","stick-header-meta":"","header-above-stick-meta":"","header-main-stick-meta":"","header-below-stick-meta":"","astra-migrate-meta-layouts":"default","ast-page-background-enabled":"default","ast-page-background-meta":{"desktop":{"background-color":"var(--ast-global-color-5)","background-image":"","background-repeat":"repeat","background-position":"center center","background-size":"auto","background-attachment":"scroll","background-type":"","background-media":"","overlay-type":"","overlay-color":"","overlay-opacity":"","overlay-gradient":""},"tablet":{"background-color":"","background-image":"","background-repeat":"repeat","background-position":"center center","background-size":"auto","background-attachment":"scroll","background-type":"","background-media":"","overlay-type":"","overlay-color":"","overlay-opacity":"","overlay-gradient":""},"mobile":{"background-color":"","background-image":"","background-repeat":"repeat","background-position":"center center","background-size":"auto","background-attachment":"scroll","background-type":"","background-media":"","overlay-type":"","overlay-color":"","overlay-opacity":"","overlay-gradient":""}},"ast-content-background-meta":{"desktop":{"background-color":"var(--ast-global-color-4)","background-image":"","background-repeat":"repeat","background-position":"center center","background-size":"auto","background-attachment":"scroll","background-type":"","background-media":"","overlay-type":"","overlay-color":"","overlay-opacity":"","overlay-gradient":""},"tablet":{"background-color":"var(--ast-global-color-4)","background-image":"","background-repeat":"repeat","background-position":"center center","background-size":"auto","background-attachment":"scroll","background-type":"","background-media":"","overlay-type":"","overlay-color":"","overlay-opacity":"","overlay-gradient":""},"mobile":{"background-color":"var(--ast-global-color-4)","background-image":"","background-repeat":"repeat","background-position":"center center","background-size":"auto","background-attachment":"scroll","background-type":"","background-media":"","overlay-type":"","overlay-color":"","overlay-opacity":"","overlay-gradient":""}},"footnotes":""},"class_list":["post-5632","page","type-page","status-publish","has-post-thumbnail","hentry"],"acf":[],"_links":{"self":[{"href":"https:\/\/marintextil.com\/eng\/wp-json\/wp\/v2\/pages\/5632","targetHints":{"allow":["GET"]}}],"collection":[{"href":"https:\/\/marintextil.com\/eng\/wp-json\/wp\/v2\/pages"}],"about":[{"href":"https:\/\/marintextil.com\/eng\/wp-json\/wp\/v2\/types\/page"}],"author":[{"embeddable":true,"href":"https:\/\/marintextil.com\/eng\/wp-json\/wp\/v2\/users\/1"}],"replies":[{"embeddable":true,"href":"https:\/\/marintextil.com\/eng\/wp-json\/wp\/v2\/comments?post=5632"}],"version-history":[{"count":0,"href":"https:\/\/marintextil.com\/eng\/wp-json\/wp\/v2\/pages\/5632\/revisions"}],"wp:featuredmedia":[{"embeddable":true,"href":"https:\/\/marintextil.com\/eng\/wp-json\/wp\/v2\/media\/5650"}],"wp:attachment":[{"href":"https:\/\/marintextil.com\/eng\/wp-json\/wp\/v2\/media?parent=5632"}],"curies":[{"name":"wp","href":"https:\/\/api.w.org\/{rel}","templated":true}]}}